{"id":4638,"date":"2024-08-07T10:41:24","date_gmt":"2024-08-07T08:41:24","guid":{"rendered":"https:\/\/comunicando.gal\/gal\/?page_id=4638"},"modified":"2025-10-30T16:05:07","modified_gmt":"2025-10-30T15:05:07","slug":"aviso-legal","status":"publish","type":"page","link":"https:\/\/comunicando.gal\/gal\/aviso-legal\/","title":{"rendered":"Aviso legal"},"content":{"rendered":"<div class=\"wpb-content-wrapper\"><p>[vc_row][vc_column][vc_empty_space height=\u00bb122px\u00bb][vc_column_text css=\u00bb\u00bb]<u><strong>LEI<\/strong><b>\u00a0DOS SERVIZOS DA SOCIEDADE DA INFORMACI\u00d3N (LSSI)<\/b><\/u><\/p>\n<p><strong>Comunicando Consultor\u00eda de Comunicaci\u00f3n, S.L.U.<\/strong>, responsable do sitio web, en diante RESPONSABLE, pon \u00e1 disposici\u00f3n dos usuarios o presente documento, co que pretende dar cumprimento \u00e1s obrigas dispostas na Lei 34\/2002, do 11 de xullo, de Servizos da Sociedade da Informaci\u00f3n e de Comercio Electr\u00f3nico (LSSICE), BOE N\u00ba 166, as\u00ed como informar a todos os usuarios do sitio web respecto de cales son as condici\u00f3ns de uso.<\/p>\n<p>Toda persoa que acceda a este sitio web asume o papel de usuario, compromet\u00e9ndose \u00e1 observancia e cumprimento rigoroso das disposici\u00f3ns aqu\u00ed dispostas, as\u00ed como a calquera outra disposici\u00f3n legal que fose de aplicaci\u00f3n.<\/p>\n<p>Comunicando Consultor\u00eda de Comunicaci\u00f3n, S.L.U. reserva para si o dereito de modificar calquera tipo de informaci\u00f3n que puidese aparecer no sitio web, sen que exista obriga de avisar previamente ou po\u00f1er en co\u00f1ecemento dos usuarios as devanditas obrigas, entend\u00e9ndose como suficiente coa publicaci\u00f3n no sitio web de Comunicando Consultor\u00eda de Comunicaci\u00f3n, S.L.U.<\/p>\n<p><b>1. DATOS IDENTIFICATIVOS<\/b><\/p>\n<p>Nome de dominio: comunicando.gal<br \/>\nNome comercial: Comunicando<br \/>\nDenominaci\u00f3n social: Comunicando Consultor\u00eda de Comunicaci\u00f3n, S.L.U.<br \/>\nDomicilio social: Avenida Marcelino Su\u00e1rez, N\u00ba 7, Entreplanta B, O Barco de Valdeorras, 32300, Ourense<br \/>\nTel\u00e9fono: \u00a0651 123 308<br \/>\nCorreo electr\u00f3nico: info@comunicando.gal<\/p>\n<p><b>2. DEREITOS DE PROPIEDADE INTELECTUAL E INDUSTRIAL<\/b><\/p>\n<p>O sitio web, inclu\u00edndo a t\u00edtulo enunciativo pero non limitativo a s\u00faa programaci\u00f3n, edici\u00f3n, compilaci\u00f3n e demais elementos necesarios para o seu funcionamento, os dese\u00f1os, logotipos, texto e\/ou gr\u00e1ficos, son propiedade do RESPONSABLE ou, se \u00e9 o caso, disp\u00f3n de licenza ou autorizaci\u00f3n expresa por parte dos autores. Todos os contidos do sitio web at\u00f3panse debidamente protexidos pola normativa de propiedade intelectual e industrial, as\u00ed como inscritos nos rexistros p\u00fablicos correspondentes.<\/p>\n<p>Independentemente da finalidade para a que fosen destinados, a reproduci\u00f3n total ou parcial, uso, explotaci\u00f3n, distribuci\u00f3n e comercializaci\u00f3n requiren en todo caso da autorizaci\u00f3n escrita previa por parte do RESPONSABLE. Calquera uso non autorizado previamente consid\u00e9rase un incumprimento grave dos dereitos de propiedade intelectual ou industrial do autor.<\/p>\n<p>Os dese\u00f1os, logotipos, texto e\/ou gr\u00e1ficos alleos ao RESPONSABLE e que puidesen aparecer no sitio web pertencen aos seus respectivos propietarios, sendo eles mesmos responsables de calquera posible controversia que puidese suscitarse respecto destes. O RESPONSABLE autoriza expresamente a que terceiros poidan redirixir directamente aos contidos concretos do sitio web, e en todo caso redirixir ao sitio web principal de gdr7valdeorras.gal.<\/p>\n<p>O RESPONSABLE reco\u00f1ece a favor dos seus titulares os correspondentes dereitos de propiedade intelectual e industrial, non implicando a s\u00faa soa menci\u00f3n ou aparici\u00f3n no sitio web a existencia de dereitos ou responsabilidade algunha sobre estes, como tampouco o apoio, patrocinio ou recomendaci\u00f3n por parte deste. Para realizar calquera tipo de observaci\u00f3n respecto a posibles incumprimentos dos dereitos de propiedade intelectual ou industrial, as\u00ed como sobre calquera dos contidos do sitio web, pode facelo a trav\u00e9s do correo electr\u00f3nico info@gdr7valdeorras.gal.<\/p>\n<p><b>3. EXENCI\u00d3N DE RESPONSABILIDADES<\/b><\/p>\n<p>O RESPONSABLE est\u00e1 exento de calquera tipo de responsabilidade derivada da informaci\u00f3n publicada no seu sitio web sempre que non te\u00f1a co\u00f1ecemento efectivo de que esta informaci\u00f3n foi manipulada ou introducida por un terceiro alleo a ela ou, se a ten, actuou con dilixencia para retirar os datos ou facer imposible o acceso a eles.<\/p>\n<p><b>Uso de Cookie<\/b>s<br \/>\nEste sitio web pode utilizar cookies t\u00e9cnicas (pequenos arquivos de informaci\u00f3n que o servidor env\u00eda ao ordenador de quen accede \u00e1 p\u00e1xina) para levar a cabo determinadas funci\u00f3ns que son consideradas imprescindibles para o correcto funcionamento e visualizaci\u00f3n do sitio. As cookies utilizadas te\u00f1en, en todo caso, car\u00e1cter temporal, coa \u00fanica finalidade de facer m\u00e1is eficaz a navegaci\u00f3n, e desaparecen ao conclu\u00edr a sesi\u00f3n do usuario. En ning\u00fan caso, estas cookies proporcionan por si mesmas datos de car\u00e1cter persoal e non se utilizar\u00e1n para a recollida destes.<\/p>\n<p>Mediante o uso de cookies tam\u00e9n \u00e9 posible que o servidor onde se atopa a web reco\u00f1eza o navegador utilizado polo usuario coa finalidade de que a navegaci\u00f3n sexa m\u00e1is sinxela, permitindo, por exemplo, o acceso dos usuarios que se rexistrasen previamente \u00e1s \u00e1reas, servizos, promoci\u00f3ns ou concursos reservados exclusivamente a eles sen ter que rexistrarse en cada visita. Tam\u00e9n se poden utilizar para medir a audiencia, par\u00e1metros de tr\u00e1fico, controlar o progreso e n\u00famero de entradas, etc., sendo nestes casos cookies prescindibles tecnicamente, pero beneficiosas para o usuario. Este sitio web non instalar\u00e1 cookies prescindibles sen o consentimento previo do usuario.<\/p>\n<p>O usuario ten a posibilidade de configurar o seu navegador para ser alertado da recepci\u00f3n de cookies e para impedir a s\u00faa instalaci\u00f3n no seu equipo. Por favor, consulte as instruci\u00f3ns do seu navegador para ampliar esta informaci\u00f3n.<\/p>\n<p><b>Pol\u00edtica de ligaz\u00f3ns<\/b><br \/>\nDesde o sitio web, \u00e9 posible que se redirixa a contidos de terceiros sitios web. Dado que o RESPONSABLE non pode controlar sempre os contidos introducidos polos terceiros nos seus respectivos sitios web, non asume ning\u00fan tipo de responsabilidade respecto dos devanditos contidos. En todo caso, proceder\u00e1 \u00e1 retirada inmediata de calquera contido que puidese contravir a lexislaci\u00f3n nacional ou internacional, a moral ou a orde p\u00fablica, procedendo \u00e1 retirada inmediata da redirecci\u00f3n ao devandito sitio web, po\u00f1endo en co\u00f1ecemento das autoridades competentes o contido en cuesti\u00f3n.<\/p>\n<p>O RESPONSABLE non se fai responsable da informaci\u00f3n e contidos almacenados, a t\u00edtulo enunciativo pero non limitativo, en foros, chats, xeradores de blogs, comentarios, redes sociais ou calquera outro medio que permita a terceiros publicar contidos de forma independente na p\u00e1xina web do RESPONSABLE. Non obstante, e en cumprimento do disposto nos artigos 11 e 16 da LSSICE, ponse \u00e1 disposici\u00f3n de todos os usuarios, autoridades e forzas de seguridade, colaborando de forma activa na retirada ou, se \u00e9 o caso, bloqueo de todos aqueles contidos que poidan afectar ou contravir a lexislaci\u00f3n nacional ou internacional, os dereitos de terceiros ou a moral e a orde p\u00fablica. No caso de que o usuario considere que existe no sitio web alg\u00fan contido que puidese ser susceptible desta clasificaci\u00f3n, r\u00f3gase que o notifique de forma inmediata ao administrador do sitio web.<\/p>\n<p>Este sitio web foi revisado e probado para que funcione correctamente. En principio, pode garantirse o correcto funcionamento os 365 d\u00edas do ano, 24 horas ao d\u00eda. Non obstante, o RESPONSABLE non descarta a posibilidade de que existan certos erros de programaci\u00f3n, ou que acontezan causas de forza maior, cat\u00e1strofes naturais, folgas ou circunstancias semellantes que fagan imposible o acceso \u00e1 p\u00e1xina web.<\/p>\n<p><b>Enderezos IP<\/b><br \/>\nOs servidores do sitio web poder\u00e1n detectar de maneira autom\u00e1tica ao enderezo IP e o nome de dominio utilizados polo usuario. Un enderezo IP \u00e9 un n\u00famero asignado automaticamente a un ordenador cando este se conecta a Internet. Toda esta informaci\u00f3n \u00e9 rexistrada nun ficheiro de actividade do servidor que permite o posterior procesamento dos datos co fin de obter medici\u00f3ns unicamente estat\u00edsticas que permitan co\u00f1ecer o n\u00famero de impresi\u00f3ns de p\u00e1xinas, o n\u00famero de visitas realizadas aos servidores web, a orde de visitas, o punto de acceso, etc.<\/p>\n<p><b>4. LEI APLICABLE E XURISDICI\u00d3N<\/b><\/p>\n<p>Para a resoluci\u00f3n de todas as controversias ou cuesti\u00f3ns relacionadas co presente sitio web ou das actividades nel desenvolvidas, ser\u00e1 de aplicaci\u00f3n a lexislaci\u00f3n espa\u00f1ola, \u00e1 que se someten expresamente as partes, sendo competentes para a resoluci\u00f3n de todos os conflitos derivados ou relacionados co seu uso os Xulgados e Tribunais do domicilio do USUARIO ou lugar de cumprimento da obriga.[\/vc_column_text][\/vc_column][\/vc_row]<\/p>\n<\/div>","protected":false},"excerpt":{"rendered":"<p>[vc_row][vc_column][vc_empty_space height=\u00bb122px\u00bb][vc_column_text css=\u00bb\u00bb]LEI\u00a0DOS SERVIZOS DA SOCIEDADE DA INFORMACI\u00d3N (LSSI) Comunicando Consultor\u00eda de Comunicaci\u00f3n, S.L.U., responsable do sitio web, en diante RESPONSABLE, pon \u00e1 disposici\u00f3n dos usuarios o presente documento, co que pretende dar cumprimento \u00e1s obrigas dispostas na Lei 34\/2002, do 11 de xullo, de Servizos da Sociedade da Informaci\u00f3n e de Comercio Electr\u00f3nico (LSSICE), [&hellip;]<\/p>\n","protected":false},"author":1,"featured_media":0,"parent":0,"menu_order":0,"comment_status":"closed","ping_status":"closed","template":"one-page-template.php","meta":{"footnotes":""},"class_list":["post-4638","page","type-page","status-publish","hentry"],"yoast_head":"<!-- This site is optimized with the Yoast SEO plugin v26.2 - https:\/\/yoast.com\/wordpress\/plugins\/seo\/ -->\n<title>Aviso legal<\/title>\n<meta name=\"robots\" content=\"noindex, follow\" \/>\n<meta property=\"og:locale\" content=\"es_ES\" \/>\n<meta property=\"og:type\" content=\"article\" \/>\n<meta property=\"og:title\" content=\"Aviso legal\" \/>\n<meta property=\"og:description\" content=\"[vc_row][vc_column][vc_empty_space height=\u00bb122px\u00bb][vc_column_text css=\u00bb\u00bb]LEI\u00a0DOS SERVIZOS DA SOCIEDADE DA INFORMACI\u00d3N (LSSI) Comunicando Consultor\u00eda de Comunicaci\u00f3n, S.L.U., responsable do sitio web, en diante RESPONSABLE, pon \u00e1 disposici\u00f3n dos usuarios o presente documento, co que pretende dar cumprimento \u00e1s obrigas dispostas na Lei 34\/2002, do 11 de xullo, de Servizos da Sociedade da Informaci\u00f3n e de Comercio Electr\u00f3nico (LSSICE), [&hellip;]\" \/>\n<meta property=\"og:url\" content=\"https:\/\/comunicando.gal\/gal\/aviso-legal\/\" \/>\n<meta property=\"og:site_name\" content=\"Comunicando\" \/>\n<meta property=\"article:modified_time\" content=\"2025-10-30T15:05:07+00:00\" \/>\n<meta property=\"og:image\" content=\"https:\/\/comunicando.gal\/gal\/wp-content\/uploads\/2024\/06\/comunicando.png\" \/>\n\t<meta property=\"og:image:width\" content=\"224\" \/>\n\t<meta property=\"og:image:height\" content=\"87\" \/>\n\t<meta property=\"og:image:type\" content=\"image\/png\" \/>\n<meta name=\"twitter:card\" content=\"summary_large_image\" \/>\n<script type=\"application\/ld+json\" class=\"yoast-schema-graph\">{\"@context\":\"https:\/\/schema.org\",\"@graph\":[{\"@type\":\"WebPage\",\"@id\":\"https:\/\/comunicando.gal\/gal\/aviso-legal\/\",\"url\":\"https:\/\/comunicando.gal\/gal\/aviso-legal\/\",\"name\":\"Aviso legal\",\"isPartOf\":{\"@id\":\"https:\/\/comunicando.gal\/gal\/#website\"},\"datePublished\":\"2024-08-07T08:41:24+00:00\",\"dateModified\":\"2025-10-30T15:05:07+00:00\",\"breadcrumb\":{\"@id\":\"https:\/\/comunicando.gal\/gal\/aviso-legal\/#breadcrumb\"},\"inLanguage\":\"es\",\"potentialAction\":[{\"@type\":\"ReadAction\",\"target\":[\"https:\/\/comunicando.gal\/gal\/aviso-legal\/\"]}]},{\"@type\":\"BreadcrumbList\",\"@id\":\"https:\/\/comunicando.gal\/gal\/aviso-legal\/#breadcrumb\",\"itemListElement\":[{\"@type\":\"ListItem\",\"position\":1,\"name\":\"Portada\",\"item\":\"https:\/\/comunicando.gal\/gal\/\"},{\"@type\":\"ListItem\",\"position\":2,\"name\":\"Aviso legal\"}]},{\"@type\":\"WebSite\",\"@id\":\"https:\/\/comunicando.gal\/gal\/#website\",\"url\":\"https:\/\/comunicando.gal\/gal\/\",\"name\":\"Comunicando. Consultor\u00eda de comunicaci\u00f3n.\",\"description\":\"Consultor\u00eda de comunicaci\u00f3n\",\"publisher\":{\"@id\":\"https:\/\/comunicando.gal\/gal\/#organization\"},\"alternateName\":\"Comunicando. Consultor\u00eda de comunicaci\u00f3n.\",\"potentialAction\":[{\"@type\":\"SearchAction\",\"target\":{\"@type\":\"EntryPoint\",\"urlTemplate\":\"https:\/\/comunicando.gal\/gal\/?s={search_term_string}\"},\"query-input\":{\"@type\":\"PropertyValueSpecification\",\"valueRequired\":true,\"valueName\":\"search_term_string\"}}],\"inLanguage\":\"es\"},{\"@type\":\"Organization\",\"@id\":\"https:\/\/comunicando.gal\/gal\/#organization\",\"name\":\"Comunicando. Consultor\u00eda de comunicaci\u00f3n.\",\"url\":\"https:\/\/comunicando.gal\/gal\/\",\"logo\":{\"@type\":\"ImageObject\",\"inLanguage\":\"es\",\"@id\":\"https:\/\/comunicando.gal\/gal\/#\/schema\/logo\/image\/\",\"url\":\"https:\/\/comunicando.gal\/gal\/wp-content\/uploads\/2024\/07\/comunicando-vertical.png\",\"contentUrl\":\"https:\/\/comunicando.gal\/gal\/wp-content\/uploads\/2024\/07\/comunicando-vertical.png\",\"width\":300,\"height\":323,\"caption\":\"Comunicando. Consultor\u00eda de comunicaci\u00f3n.\"},\"image\":{\"@id\":\"https:\/\/comunicando.gal\/gal\/#\/schema\/logo\/image\/\"}}]}<\/script>\n<!-- \/ Yoast SEO plugin. -->","yoast_head_json":{"title":"Aviso legal","robots":{"index":"noindex","follow":"follow"},"og_locale":"es_ES","og_type":"article","og_title":"Aviso legal","og_description":"[vc_row][vc_column][vc_empty_space height=\u00bb122px\u00bb][vc_column_text css=\u00bb\u00bb]LEI\u00a0DOS SERVIZOS DA SOCIEDADE DA INFORMACI\u00d3N (LSSI) Comunicando Consultor\u00eda de Comunicaci\u00f3n, S.L.U., responsable do sitio web, en diante RESPONSABLE, pon \u00e1 disposici\u00f3n dos usuarios o presente documento, co que pretende dar cumprimento \u00e1s obrigas dispostas na Lei 34\/2002, do 11 de xullo, de Servizos da Sociedade da Informaci\u00f3n e de Comercio Electr\u00f3nico (LSSICE), [&hellip;]","og_url":"https:\/\/comunicando.gal\/gal\/aviso-legal\/","og_site_name":"Comunicando","article_modified_time":"2025-10-30T15:05:07+00:00","og_image":[{"width":224,"height":87,"url":"https:\/\/comunicando.gal\/gal\/wp-content\/uploads\/2024\/06\/comunicando.png","type":"image\/png"}],"twitter_card":"summary_large_image","schema":{"@context":"https:\/\/schema.org","@graph":[{"@type":"WebPage","@id":"https:\/\/comunicando.gal\/gal\/aviso-legal\/","url":"https:\/\/comunicando.gal\/gal\/aviso-legal\/","name":"Aviso legal","isPartOf":{"@id":"https:\/\/comunicando.gal\/gal\/#website"},"datePublished":"2024-08-07T08:41:24+00:00","dateModified":"2025-10-30T15:05:07+00:00","breadcrumb":{"@id":"https:\/\/comunicando.gal\/gal\/aviso-legal\/#breadcrumb"},"inLanguage":"es","potentialAction":[{"@type":"ReadAction","target":["https:\/\/comunicando.gal\/gal\/aviso-legal\/"]}]},{"@type":"BreadcrumbList","@id":"https:\/\/comunicando.gal\/gal\/aviso-legal\/#breadcrumb","itemListElement":[{"@type":"ListItem","position":1,"name":"Portada","item":"https:\/\/comunicando.gal\/gal\/"},{"@type":"ListItem","position":2,"name":"Aviso legal"}]},{"@type":"WebSite","@id":"https:\/\/comunicando.gal\/gal\/#website","url":"https:\/\/comunicando.gal\/gal\/","name":"Comunicando. Consultor\u00eda de comunicaci\u00f3n.","description":"Consultor\u00eda de comunicaci\u00f3n","publisher":{"@id":"https:\/\/comunicando.gal\/gal\/#organization"},"alternateName":"Comunicando. Consultor\u00eda de comunicaci\u00f3n.","potentialAction":[{"@type":"SearchAction","target":{"@type":"EntryPoint","urlTemplate":"https:\/\/comunicando.gal\/gal\/?s={search_term_string}"},"query-input":{"@type":"PropertyValueSpecification","valueRequired":true,"valueName":"search_term_string"}}],"inLanguage":"es"},{"@type":"Organization","@id":"https:\/\/comunicando.gal\/gal\/#organization","name":"Comunicando. Consultor\u00eda de comunicaci\u00f3n.","url":"https:\/\/comunicando.gal\/gal\/","logo":{"@type":"ImageObject","inLanguage":"es","@id":"https:\/\/comunicando.gal\/gal\/#\/schema\/logo\/image\/","url":"https:\/\/comunicando.gal\/gal\/wp-content\/uploads\/2024\/07\/comunicando-vertical.png","contentUrl":"https:\/\/comunicando.gal\/gal\/wp-content\/uploads\/2024\/07\/comunicando-vertical.png","width":300,"height":323,"caption":"Comunicando. Consultor\u00eda de comunicaci\u00f3n."},"image":{"@id":"https:\/\/comunicando.gal\/gal\/#\/schema\/logo\/image\/"}}]}},"_links":{"self":[{"href":"https:\/\/comunicando.gal\/gal\/wp-json\/wp\/v2\/pages\/4638","targetHints":{"allow":["GET"]}}],"collection":[{"href":"https:\/\/comunicando.gal\/gal\/wp-json\/wp\/v2\/pages"}],"about":[{"href":"https:\/\/comunicando.gal\/gal\/wp-json\/wp\/v2\/types\/page"}],"author":[{"embeddable":true,"href":"https:\/\/comunicando.gal\/gal\/wp-json\/wp\/v2\/users\/1"}],"replies":[{"embeddable":true,"href":"https:\/\/comunicando.gal\/gal\/wp-json\/wp\/v2\/comments?post=4638"}],"version-history":[{"count":3,"href":"https:\/\/comunicando.gal\/gal\/wp-json\/wp\/v2\/pages\/4638\/revisions"}],"predecessor-version":[{"id":4904,"href":"https:\/\/comunicando.gal\/gal\/wp-json\/wp\/v2\/pages\/4638\/revisions\/4904"}],"wp:attachment":[{"href":"https:\/\/comunicando.gal\/gal\/wp-json\/wp\/v2\/media?parent=4638"}],"curies":[{"name":"wp","href":"https:\/\/api.w.org\/{rel}","templated":true}]}}