{"id":3,"date":"2024-05-10T17:08:35","date_gmt":"2024-05-10T15:08:35","guid":{"rendered":"https:\/\/comunicando.gal\/gal\/?page_id=3"},"modified":"2025-10-30T16:06:27","modified_gmt":"2025-10-30T15:06:27","slug":"politica-privacidade","status":"publish","type":"page","link":"https:\/\/comunicando.gal\/gal\/politica-privacidade\/","title":{"rendered":"Pol\u00edtica de privacidade"},"content":{"rendered":"<div class=\"wpb-content-wrapper\"><p>[vc_row][vc_column][vc_empty_space height=\u00bb122px\u00bb][vc_column_text css=\u00bb\u00bb]<\/p>\n<p><strong>1.\u00a0\u00a0\u00a0 INFORMACI\u00d3N AO USUARIO<\/strong><\/p>\n<p><strong>\u00bfQuen \u00e9 o responsable do tratamento dos teus datos persoais?<br \/><\/strong>Comunicando Consultor\u00eda de Comunicaci\u00f3n, S.L.U. \u00e9 o RESPONSABLE do tratamento dos datos persoais do USUARIO e inf\u00f3rmao de que estes datos ser\u00e1n tratados de conformidade co disposto no Regulamento (UE) 2016\/679 do 27 de abril (XDPR) e a Lei Org\u00e1nica 3\/2018, do 5 de decembro (LOPDGDD).<\/p>\n<p><strong>\u00bfPara que tratamos os teus datos persoais e por que o facemos?<br \/><\/strong>Dependendo do formulario onde obtivemos os seus datos persoais, tratar\u00e9molos confidencialmente para alcanzar os seguintes fins:<br \/>No formulario de contacto:<br \/>\u2022\u00a0\u00a0\u00a0 Dar resposta \u00e1s consultas ou calquera tipo de petici\u00f3n que sexa realizada polo usuario a trav\u00e9s de calquera das formas de contacto que se po\u00f1en \u00e1 s\u00faa disposici\u00f3n na p\u00e1xina web do responsable.<br \/>(polo interese lex\u00edtimo do responsable, art. 6.1.f XDPR)<br \/>\u2022\u00a0\u00a0\u00a0 Enviar comunicaci\u00f3ns comerciais publicitarias por correo electr\u00f3nico, fax, SMS, MMS, comunidades sociais ou calquera outro medio electr\u00f3nico ou f\u00edsico, presente ou futuro, que posibilite realizar comunicaci\u00f3ns comerciais. Estas comunicaci\u00f3ns ser\u00e1n realizadas polo responsable e estar\u00e1n relacionadas cos seus produtos e servizos, ou dos seus colaboradores ou provedores cos que este alcanzase alg\u00fan acordo de promoci\u00f3n. Neste caso, os terceiros nunca ter\u00e1n acceso aos datos persoais. (co consentimento do interesado, 6.1.a XDPR)<br \/>\u2022\u00a0\u00a0\u00a0 Realizar an\u00e1lises estat\u00edsticas e estudos de mercado. (polo interese lex\u00edtimo do responsable, art. 6.1.f XDPR)<\/p>\n<p><strong>\u00bfDurante canto tempo gardaremos os teus datos persoais?<\/strong><br \/>Non se conservar\u00e1n durante m\u00e1is tempo do necesario para manter o fin do tratamento ou existan prescrici\u00f3ns legais que ditaminen a s\u00faa custodia e cando xa non sexa necesario para iso, suprimiranse con medidas de seguridade axeitadas para garantir a pseudonimizaci\u00f3n dos datos ou a destruci\u00f3n total destes.<\/p>\n<p><strong>\u00bfA quen facilitamos os seus datos persoais?<\/strong><br \/>Non se prev\u00e9 ningunha comunicaci\u00f3n de datos persoais a terceiros, excepto, se \u00e9 necesario para o desenvolvemento e execuci\u00f3n dos fins do tratamento, aos nosos provedores de servizos relacionados coas comunicaci\u00f3ns, cos que o RESPONSABLE subscribiu os contratos de confidencialidade e de encargado de tratamento requiridos pola normativa vixente de privacidade.<\/p>\n<p><strong>\u00bfCales son os teus dereitos?<\/strong><br \/>Os dereitos que asisten ao USUARIO son:<br \/>\u2022\u00a0\u00a0\u00a0 Dereito a retirar o consentimento en calquera momento.<br \/>\u2022\u00a0\u00a0\u00a0 Dereito de acceso, rectificaci\u00f3n, portabilidade e supresi\u00f3n dos seus datos e \u00e1 limitaci\u00f3n ou oposici\u00f3n ao seu tratamento.<br \/>\u2022\u00a0\u00a0\u00a0 Dereito a presentar unha reclamaci\u00f3n ante a autoridade de control (www.aepd.es) se considera que o tratamento non se axusta \u00e1 normativa vixente.<br \/>Datos de contacto para exercer os seus dereitos:<br \/>Comunicando Consultor\u00eda de Comunicaci\u00f3n, S.L.U. R\u00faa Profesor Eloi Mira, 2, 3 A, 32300, O Barco de Valdeorras (Ourense). Correo electr\u00f3nico: info@comunicando.gal<\/p>\n<p><strong>2.\u00a0\u00a0\u00a0 CAR\u00c1CTER OBRIGATORIO OU FACULTATIVO DA INFORMACI\u00d3N FACILITADA POLO USUARIO<br \/><\/strong>Os USUARIOS, mediante a marcaci\u00f3n das casas correspondentes e a entrada de datos nos campos, marcados cun asterisco (*) no formulario de contacto ou presentados en formularios de descarga, aceptan expresamente e de forma libre e inequ\u00edvoca, que os seus datos son necesarios para atender a s\u00faa petici\u00f3n, por parte do prestador, sendo voluntaria a inclusi\u00f3n de datos nos campos restantes. O USUARIO garante que os datos persoais facilitados ao RESPONSABLE son veraces e se fai responsable de comunicar calquera modificaci\u00f3n destes.<br \/>O RESPONSABLE informa de que todos os datos solicitados a trav\u00e9s do sitio web son obrigatorios, xa que son necesarios para a prestaci\u00f3n dun servizo \u00f3ptimo ao USUARIO. No caso de que non sexan facilitados todos os datos, non se garante que a informaci\u00f3n e servizos facilitados sexan completamente axustados \u00e1s s\u00faas necesidades.<\/p>\n<p><strong>3.\u00a0\u00a0\u00a0 MEDIDAS DE SEGURIDADE<\/strong><br \/>Que de conformidade co disposto nas normativas vixentes en protecci\u00f3n de datos persoais, o RESPONSABLE est\u00e1 a cumprir con todas as disposici\u00f3ns das normativas XDPR e LOPDGDD para o tratamento dos datos persoais da s\u00faa responsabilidade, e manifestamente cos principios descritos no artigo 5 do XDPR, polos que son tratados de maneira l\u00edcita, leal e transparente en relaci\u00f3n co interesado e axeitados, pertinentes e limitados ao necesario en relaci\u00f3n cos fins para os que son tratados.<br \/>O RESPONSABLE garante que puxo en marcha pol\u00edticas t\u00e9cnicas e organizativas axeitadas para aplicar as medidas de seguridade que establecen o XDPR e a LOPDGDD co fin de protexer os dereitos e liberdades dos USUARIOS e lles comunicou a informaci\u00f3n axeitada para que poidan exercelos.<br \/>Para obter m\u00e1is informaci\u00f3n sobre as garant\u00edas de privacidade, podes dirixirte ao RESPONSABLE a trav\u00e9s de Comunicando Consultor\u00eda de Comunicaci\u00f3n, S.L.U.\u00a0Avenida Marcelino Su\u00e1rez, N\u00ba 7, Entreplanta B, O Barco de Valdeorras, 32300, Ourense. Correo electr\u00f3nico: info@comunicando.gal<\/p>\n<p>[\/vc_column_text][\/vc_column][\/vc_row]<\/p>\n<\/div>","protected":false},"excerpt":{"rendered":"<p>[vc_row][vc_column][vc_empty_space height=\u00bb122px\u00bb][vc_column_text css=\u00bb\u00bb] 1.\u00a0\u00a0\u00a0 INFORMACI\u00d3N AO USUARIO \u00bfQuen \u00e9 o responsable do tratamento dos teus datos persoais?Comunicando Consultor\u00eda de Comunicaci\u00f3n, S.L.U. \u00e9 o RESPONSABLE do tratamento dos datos persoais do USUARIO e inf\u00f3rmao de que estes datos ser\u00e1n tratados de conformidade co disposto no Regulamento (UE) 2016\/679 do 27 de abril (XDPR) e a Lei [&hellip;]<\/p>\n","protected":false},"author":1,"featured_media":0,"parent":0,"menu_order":0,"comment_status":"closed","ping_status":"closed","template":"one-page-template.php","meta":{"footnotes":""},"class_list":["post-3","page","type-page","status-publish","hentry"],"yoast_head":"<!-- This site is optimized with the Yoast SEO plugin v26.2 - https:\/\/yoast.com\/wordpress\/plugins\/seo\/ -->\n<title>Pol\u00edtica de privacidade<\/title>\n<meta name=\"robots\" content=\"noindex, follow\" \/>\n<meta property=\"og:locale\" content=\"es_ES\" \/>\n<meta property=\"og:type\" content=\"article\" \/>\n<meta property=\"og:title\" content=\"Pol\u00edtica de privacidade\" \/>\n<meta property=\"og:description\" content=\"[vc_row][vc_column][vc_empty_space height=\u00bb122px\u00bb][vc_column_text css=\u00bb\u00bb] 1.\u00a0\u00a0\u00a0 INFORMACI\u00d3N AO USUARIO \u00bfQuen \u00e9 o responsable do tratamento dos teus datos persoais?Comunicando Consultor\u00eda de Comunicaci\u00f3n, S.L.U. \u00e9 o RESPONSABLE do tratamento dos datos persoais do USUARIO e inf\u00f3rmao de que estes datos ser\u00e1n tratados de conformidade co disposto no Regulamento (UE) 2016\/679 do 27 de abril (XDPR) e a Lei [&hellip;]\" \/>\n<meta property=\"og:url\" content=\"https:\/\/comunicando.gal\/gal\/politica-privacidade\/\" \/>\n<meta property=\"og:site_name\" content=\"Comunicando\" \/>\n<meta property=\"article:modified_time\" content=\"2025-10-30T15:06:27+00:00\" \/>\n<meta property=\"og:image\" content=\"https:\/\/comunicando.gal\/gal\/wp-content\/uploads\/2024\/06\/comunicando.png\" \/>\n\t<meta property=\"og:image:width\" content=\"224\" \/>\n\t<meta property=\"og:image:height\" content=\"87\" \/>\n\t<meta property=\"og:image:type\" content=\"image\/png\" \/>\n<meta name=\"twitter:card\" content=\"summary_large_image\" \/>\n<script type=\"application\/ld+json\" class=\"yoast-schema-graph\">{\"@context\":\"https:\/\/schema.org\",\"@graph\":[{\"@type\":\"WebPage\",\"@id\":\"https:\/\/comunicando.gal\/gal\/politica-privacidade\/\",\"url\":\"https:\/\/comunicando.gal\/gal\/politica-privacidade\/\",\"name\":\"Pol\u00edtica de privacidade\",\"isPartOf\":{\"@id\":\"https:\/\/comunicando.gal\/gal\/#website\"},\"datePublished\":\"2024-05-10T15:08:35+00:00\",\"dateModified\":\"2025-10-30T15:06:27+00:00\",\"breadcrumb\":{\"@id\":\"https:\/\/comunicando.gal\/gal\/politica-privacidade\/#breadcrumb\"},\"inLanguage\":\"es\",\"potentialAction\":[{\"@type\":\"ReadAction\",\"target\":[\"https:\/\/comunicando.gal\/gal\/politica-privacidade\/\"]}]},{\"@type\":\"BreadcrumbList\",\"@id\":\"https:\/\/comunicando.gal\/gal\/politica-privacidade\/#breadcrumb\",\"itemListElement\":[{\"@type\":\"ListItem\",\"position\":1,\"name\":\"Portada\",\"item\":\"https:\/\/comunicando.gal\/gal\/\"},{\"@type\":\"ListItem\",\"position\":2,\"name\":\"Pol\u00edtica de privacidade\"}]},{\"@type\":\"WebSite\",\"@id\":\"https:\/\/comunicando.gal\/gal\/#website\",\"url\":\"https:\/\/comunicando.gal\/gal\/\",\"name\":\"Comunicando. Consultor\u00eda de comunicaci\u00f3n.\",\"description\":\"Consultor\u00eda de comunicaci\u00f3n\",\"publisher\":{\"@id\":\"https:\/\/comunicando.gal\/gal\/#organization\"},\"alternateName\":\"Comunicando. Consultor\u00eda de comunicaci\u00f3n.\",\"potentialAction\":[{\"@type\":\"SearchAction\",\"target\":{\"@type\":\"EntryPoint\",\"urlTemplate\":\"https:\/\/comunicando.gal\/gal\/?s={search_term_string}\"},\"query-input\":{\"@type\":\"PropertyValueSpecification\",\"valueRequired\":true,\"valueName\":\"search_term_string\"}}],\"inLanguage\":\"es\"},{\"@type\":\"Organization\",\"@id\":\"https:\/\/comunicando.gal\/gal\/#organization\",\"name\":\"Comunicando. Consultor\u00eda de comunicaci\u00f3n.\",\"url\":\"https:\/\/comunicando.gal\/gal\/\",\"logo\":{\"@type\":\"ImageObject\",\"inLanguage\":\"es\",\"@id\":\"https:\/\/comunicando.gal\/gal\/#\/schema\/logo\/image\/\",\"url\":\"https:\/\/comunicando.gal\/gal\/wp-content\/uploads\/2024\/07\/comunicando-vertical.png\",\"contentUrl\":\"https:\/\/comunicando.gal\/gal\/wp-content\/uploads\/2024\/07\/comunicando-vertical.png\",\"width\":300,\"height\":323,\"caption\":\"Comunicando. Consultor\u00eda de comunicaci\u00f3n.\"},\"image\":{\"@id\":\"https:\/\/comunicando.gal\/gal\/#\/schema\/logo\/image\/\"}}]}<\/script>\n<!-- \/ Yoast SEO plugin. -->","yoast_head_json":{"title":"Pol\u00edtica de privacidade","robots":{"index":"noindex","follow":"follow"},"og_locale":"es_ES","og_type":"article","og_title":"Pol\u00edtica de privacidade","og_description":"[vc_row][vc_column][vc_empty_space height=\u00bb122px\u00bb][vc_column_text css=\u00bb\u00bb] 1.\u00a0\u00a0\u00a0 INFORMACI\u00d3N AO USUARIO \u00bfQuen \u00e9 o responsable do tratamento dos teus datos persoais?Comunicando Consultor\u00eda de Comunicaci\u00f3n, S.L.U. \u00e9 o RESPONSABLE do tratamento dos datos persoais do USUARIO e inf\u00f3rmao de que estes datos ser\u00e1n tratados de conformidade co disposto no Regulamento (UE) 2016\/679 do 27 de abril (XDPR) e a Lei [&hellip;]","og_url":"https:\/\/comunicando.gal\/gal\/politica-privacidade\/","og_site_name":"Comunicando","article_modified_time":"2025-10-30T15:06:27+00:00","og_image":[{"width":224,"height":87,"url":"https:\/\/comunicando.gal\/gal\/wp-content\/uploads\/2024\/06\/comunicando.png","type":"image\/png"}],"twitter_card":"summary_large_image","schema":{"@context":"https:\/\/schema.org","@graph":[{"@type":"WebPage","@id":"https:\/\/comunicando.gal\/gal\/politica-privacidade\/","url":"https:\/\/comunicando.gal\/gal\/politica-privacidade\/","name":"Pol\u00edtica de privacidade","isPartOf":{"@id":"https:\/\/comunicando.gal\/gal\/#website"},"datePublished":"2024-05-10T15:08:35+00:00","dateModified":"2025-10-30T15:06:27+00:00","breadcrumb":{"@id":"https:\/\/comunicando.gal\/gal\/politica-privacidade\/#breadcrumb"},"inLanguage":"es","potentialAction":[{"@type":"ReadAction","target":["https:\/\/comunicando.gal\/gal\/politica-privacidade\/"]}]},{"@type":"BreadcrumbList","@id":"https:\/\/comunicando.gal\/gal\/politica-privacidade\/#breadcrumb","itemListElement":[{"@type":"ListItem","position":1,"name":"Portada","item":"https:\/\/comunicando.gal\/gal\/"},{"@type":"ListItem","position":2,"name":"Pol\u00edtica de privacidade"}]},{"@type":"WebSite","@id":"https:\/\/comunicando.gal\/gal\/#website","url":"https:\/\/comunicando.gal\/gal\/","name":"Comunicando. Consultor\u00eda de comunicaci\u00f3n.","description":"Consultor\u00eda de comunicaci\u00f3n","publisher":{"@id":"https:\/\/comunicando.gal\/gal\/#organization"},"alternateName":"Comunicando. Consultor\u00eda de comunicaci\u00f3n.","potentialAction":[{"@type":"SearchAction","target":{"@type":"EntryPoint","urlTemplate":"https:\/\/comunicando.gal\/gal\/?s={search_term_string}"},"query-input":{"@type":"PropertyValueSpecification","valueRequired":true,"valueName":"search_term_string"}}],"inLanguage":"es"},{"@type":"Organization","@id":"https:\/\/comunicando.gal\/gal\/#organization","name":"Comunicando. Consultor\u00eda de comunicaci\u00f3n.","url":"https:\/\/comunicando.gal\/gal\/","logo":{"@type":"ImageObject","inLanguage":"es","@id":"https:\/\/comunicando.gal\/gal\/#\/schema\/logo\/image\/","url":"https:\/\/comunicando.gal\/gal\/wp-content\/uploads\/2024\/07\/comunicando-vertical.png","contentUrl":"https:\/\/comunicando.gal\/gal\/wp-content\/uploads\/2024\/07\/comunicando-vertical.png","width":300,"height":323,"caption":"Comunicando. Consultor\u00eda de comunicaci\u00f3n."},"image":{"@id":"https:\/\/comunicando.gal\/gal\/#\/schema\/logo\/image\/"}}]}},"_links":{"self":[{"href":"https:\/\/comunicando.gal\/gal\/wp-json\/wp\/v2\/pages\/3","targetHints":{"allow":["GET"]}}],"collection":[{"href":"https:\/\/comunicando.gal\/gal\/wp-json\/wp\/v2\/pages"}],"about":[{"href":"https:\/\/comunicando.gal\/gal\/wp-json\/wp\/v2\/types\/page"}],"author":[{"embeddable":true,"href":"https:\/\/comunicando.gal\/gal\/wp-json\/wp\/v2\/users\/1"}],"replies":[{"embeddable":true,"href":"https:\/\/comunicando.gal\/gal\/wp-json\/wp\/v2\/comments?post=3"}],"version-history":[{"count":7,"href":"https:\/\/comunicando.gal\/gal\/wp-json\/wp\/v2\/pages\/3\/revisions"}],"predecessor-version":[{"id":4905,"href":"https:\/\/comunicando.gal\/gal\/wp-json\/wp\/v2\/pages\/3\/revisions\/4905"}],"wp:attachment":[{"href":"https:\/\/comunicando.gal\/gal\/wp-json\/wp\/v2\/media?parent=3"}],"curies":[{"name":"wp","href":"https:\/\/api.w.org\/{rel}","templated":true}]}}