{"id":1522,"date":"2025-07-01T08:04:36","date_gmt":"2025-07-01T06:04:36","guid":{"rendered":"https:\/\/preview.treethemes.com\/nyssa\/demo1-clean\/?page_id=1522"},"modified":"2025-07-01T11:43:29","modified_gmt":"2025-07-01T09:43:29","slug":"os-nosos-clientes","status":"publish","type":"page","link":"https:\/\/comunicando.gal\/gal\/os-nosos-clientes\/","title":{"rendered":"Os Nosos Clientes"},"content":{"rendered":"<div class=\"wpb-content-wrapper\"><p>[vc_row][vc_column css_animation=\u00bbfadeInUp\u00bb]<div class=\"ult-spacer spacer-69f17d42a3bdb\" data-id=\"69f17d42a3bdb\" data-height=\"200\" data-height-mobile=\"100\" data-height-tab=\"150\" data-height-tab-portrait=\"100\" data-height-mobile-landscape=\"100\" style=\"clear:both;display:block;\"><\/div><div id=\"ultv-3529\" class=\"ult-dual-color ult-adjust-bottom-margin ult-dual-color-responsive-none ultv-3529   vc_custom_1722603079482\"><div class=\"ult-module-content ult-dual-color-heading\" style=\"text-align:center;\">\n\t\t\t\t\t\t<h1><span class=\"ult-before-heading\">\n\t\t\t\t\t\t<span class=\"ult-dual-heading-text ult-first-text ult-responsive\"  data-ultimate-target='.ult-dual-color.ultv-3529 .ult-dual-heading-text'  data-responsive-json-new='{\"font-size\":\"\",\"line-height\":\"\"}'  style=\"     border:none; font-family:&#039;Inter&#039;;font-weight:800;\">Os Nosos Clientes<\/span>\n\t\t\t\t\t<\/span><span class=\"ult-adv-heading\" style=\"\">\n\t\t\t\t\t\t<span class=\"ult-dual-adv-heading-text ult-highlight-text ult-responsive\"  data-ultimate-target='.ult-dual-color.ultv-3529 .ult-highlight-text'  data-responsive-json-new='{\"font-size\":\"\",\"line-height\":\"\"}'  style=\"color:#febcc0;   letter-spacing:0px;  border:none; font-family:&#039;Inter&#039;;font-weight:800;\">.<\/span>\n\t\t\t\t\t<\/span><\/h1> <\/div><\/div>[vc_row_inner][vc_column_inner width=\u00bb1\/4&#8243;][\/vc_column_inner][vc_column_inner width=\u00bb1\/2&#8243;][vc_custom_heading text=\u00bbCompartimos con v\u00f3s alg\u00fan dos clientes cos que temos traballado nos derradeiros meses:\u00bb font_container=\u00bbtag:p|font_size:1.2em|text_align:center|color:%23888294&#8243; use_theme_fonts=\u00bbyes\u00bb css=\u00bb\u00bb][\/vc_column_inner][vc_column_inner width=\u00bb1\/4&#8243;][\/vc_column_inner][\/vc_row_inner]<div class=\"ult-spacer spacer-69f17d42a3ceb\" data-id=\"69f17d42a3ceb\" data-height=\"80\" data-height-mobile=\"30\" data-height-tab=\"\" data-height-tab-portrait=\"\" data-height-mobile-landscape=\"\" style=\"clear:both;display:block;\"><\/div>[\/vc_column][\/vc_row][vc_row][vc_column css_animation=\u00bbfadeInUp\u00bb]<div id=\"jig1\" class=\"justified-image-grid jig-12a6eda6cbdb3554caa5e637aa432e81 jig-preset-global jig-source-wp-gallery\"><div class=\"jig-clearfix\"><\/div><noscript id=\"jig1-html\" class=\"justified-image-grid-html\" data-lazy-src=\"skiplazyload\" data-src=\"skipunveillazyload\"><ul><li><a href=\"https:\/\/comunicando.gal\/gal\/wp-content\/uploads\/2024\/07\/Asaga.png\" title=\"Asaga\"><img loading=\"lazy\" decoding=\"async\" src=\"https:\/\/comunicando.gal\/gal\/wp-content\/plugins\/justified-image-grid\/timthumb.php?src=https%3A%2F%2Fcomunicando.gal%2Fgal%2Fwp-content%2Fuploads%2F2024%2F07%2FAsaga.png&amp;h=300&amp;w=300&amp;q=90&amp;f=.png\" alt=\"ASAGA \u2013 Asociaci\u00f3n Agraria de Galicia\" width=\"300\" height=\"300\" \/><\/a><p class=\"jig-HTMLdescription\">ASAGA \u2013 Asociaci\u00f3n Agraria de Galicia<br\/>Asaga<\/p><\/li><li><a href=\"https:\/\/comunicando.gal\/gal\/wp-content\/uploads\/2024\/07\/Cluster-da-Pizarra.png\"><img loading=\"lazy\" decoding=\"async\" src=\"https:\/\/comunicando.gal\/gal\/wp-content\/plugins\/justified-image-grid\/timthumb.php?src=https%3A%2F%2Fcomunicando.gal%2Fgal%2Fwp-content%2Fuploads%2F2024%2F07%2FCluster-da-Pizarra.png&amp;h=300&amp;w=300&amp;q=90&amp;f=.png\" alt=\"Cl\u00faster da pizarra de Galicia\" width=\"300\" height=\"300\" \/><\/a><p class=\"jig-HTMLdescription\">Cl\u00faster da pizarra de Galicia<\/p><\/li><li><a href=\"https:\/\/comunicando.gal\/gal\/wp-content\/uploads\/2025\/07\/SEAGA.png\" title=\"SEAGA\"><img loading=\"lazy\" decoding=\"async\" src=\"https:\/\/comunicando.gal\/gal\/wp-content\/plugins\/justified-image-grid\/timthumb.php?src=https%3A%2F%2Fcomunicando.gal%2Fgal%2Fwp-content%2Fuploads%2F2025%2F07%2FSEAGA.png&amp;h=300&amp;w=300&amp;q=90&amp;f=.png\" alt=\"SEAGA\" width=\"300\" height=\"300\" \/><\/a><p class=\"jig-HTMLdescription\">SEAGA<\/p><\/li><li><a href=\"https:\/\/comunicando.gal\/gal\/wp-content\/uploads\/2025\/07\/Inorde.png\" title=\"Inorde\"><img loading=\"lazy\" decoding=\"async\" src=\"https:\/\/comunicando.gal\/gal\/wp-content\/plugins\/justified-image-grid\/timthumb.php?src=https%3A%2F%2Fcomunicando.gal%2Fgal%2Fwp-content%2Fuploads%2F2025%2F07%2FInorde.png&amp;h=300&amp;w=300&amp;q=90&amp;f=.png\" alt=\"Inorde\" width=\"300\" height=\"300\" \/><\/a><p class=\"jig-HTMLdescription\">Inorde<\/p><\/li><li><a href=\"https:\/\/comunicando.gal\/gal\/wp-content\/uploads\/2024\/07\/Acruaga.png\" title=\"Acruaga\"><img loading=\"lazy\" decoding=\"async\" src=\"https:\/\/comunicando.gal\/gal\/wp-content\/plugins\/justified-image-grid\/timthumb.php?src=https%3A%2F%2Fcomunicando.gal%2Fgal%2Fwp-content%2Fuploads%2F2024%2F07%2FAcruaga.png&amp;h=300&amp;w=300&amp;q=90&amp;f=.png\" alt=\"Acruaga\" width=\"300\" height=\"300\" \/><\/a><p class=\"jig-HTMLdescription\">Acruaga<\/p><\/li><li><a href=\"https:\/\/comunicando.gal\/gal\/wp-content\/uploads\/2024\/07\/Concello-de-Coristanco.png\"><img loading=\"lazy\" decoding=\"async\" src=\"https:\/\/comunicando.gal\/gal\/wp-content\/plugins\/justified-image-grid\/timthumb.php?src=https%3A%2F%2Fcomunicando.gal%2Fgal%2Fwp-content%2Fuploads%2F2024%2F07%2FConcello-de-Coristanco.png&amp;h=300&amp;w=300&amp;q=90&amp;f=.png\" alt=\"Concello de Coristanco\" width=\"300\" height=\"300\" \/><\/a><p class=\"jig-HTMLdescription\">Concello de Coristanco<\/p><\/li><li><a href=\"https:\/\/comunicando.gal\/gal\/wp-content\/uploads\/2024\/07\/Concello-O-Bolo.png\"><img loading=\"lazy\" decoding=\"async\" src=\"https:\/\/comunicando.gal\/gal\/wp-content\/plugins\/justified-image-grid\/timthumb.php?src=https%3A%2F%2Fcomunicando.gal%2Fgal%2Fwp-content%2Fuploads%2F2024%2F07%2FConcello-O-Bolo.png&amp;h=300&amp;w=300&amp;q=90&amp;f=.png\" alt=\"Concello do Bolo\" width=\"300\" height=\"300\" \/><\/a><p class=\"jig-HTMLdescription\">Concello do Bolo<\/p><\/li><li><a href=\"https:\/\/comunicando.gal\/gal\/wp-content\/uploads\/2024\/07\/GDR.png\" title=\"GDR\"><img loading=\"lazy\" decoding=\"async\" src=\"https:\/\/comunicando.gal\/gal\/wp-content\/plugins\/justified-image-grid\/timthumb.php?src=https%3A%2F%2Fcomunicando.gal%2Fgal%2Fwp-content%2Fuploads%2F2024%2F07%2FGDR.png&amp;h=300&amp;w=300&amp;q=90&amp;f=.png\" alt=\"Asociaci\u00f3n de Grupos de Desenvolvemento Rural de Galicia\" width=\"300\" height=\"300\" \/><\/a><p class=\"jig-HTMLdescription\">Asociaci\u00f3n de Grupos de Desenvolvemento Rural de Galicia<br\/>GDR<\/p><\/li><li><a href=\"https:\/\/comunicando.gal\/gal\/wp-content\/uploads\/2024\/07\/DO-Monterrei.png\"><img loading=\"lazy\" decoding=\"async\" src=\"https:\/\/comunicando.gal\/gal\/wp-content\/plugins\/justified-image-grid\/timthumb.php?src=https%3A%2F%2Fcomunicando.gal%2Fgal%2Fwp-content%2Fuploads%2F2024%2F07%2FDO-Monterrei.png&amp;h=300&amp;w=300&amp;q=90&amp;f=.png\" alt=\"Consello Regulador D.O. Monterrei\" width=\"300\" height=\"300\" \/><\/a><p class=\"jig-HTMLdescription\">Consello Regulador D.O. Monterrei<\/p><\/li><li><a href=\"https:\/\/comunicando.gal\/gal\/wp-content\/uploads\/2025\/07\/Concello-de-A-Veiga.png\"><img loading=\"lazy\" decoding=\"async\" src=\"https:\/\/comunicando.gal\/gal\/wp-content\/plugins\/justified-image-grid\/timthumb.php?src=https%3A%2F%2Fcomunicando.gal%2Fgal%2Fwp-content%2Fuploads%2F2025%2F07%2FConcello-de-A-Veiga.png&amp;h=300&amp;w=300&amp;q=90&amp;f=.png\" alt=\"Concello de A Veiga\" width=\"300\" height=\"300\" \/><\/a><p class=\"jig-HTMLdescription\">Concello de A Veiga<\/p><\/li><li><a href=\"https:\/\/comunicando.gal\/gal\/wp-content\/uploads\/2025\/07\/Ruta-Vino-Valdeorras.png\"><img loading=\"lazy\" decoding=\"async\" src=\"https:\/\/comunicando.gal\/gal\/wp-content\/plugins\/justified-image-grid\/timthumb.php?src=https%3A%2F%2Fcomunicando.gal%2Fgal%2Fwp-content%2Fuploads%2F2025%2F07%2FRuta-Vino-Valdeorras.png&amp;h=300&amp;w=300&amp;q=90&amp;f=.png\" alt=\"Ruta do Vi\u00f1o Valdeorras\" width=\"300\" height=\"300\" \/><\/a><p class=\"jig-HTMLdescription\">Ruta do Vi\u00f1o Valdeorras<\/p><\/li><li><a href=\"https:\/\/comunicando.gal\/gal\/wp-content\/uploads\/2024\/07\/Spedion.png\" title=\"Spedion\"><img loading=\"lazy\" decoding=\"async\" src=\"https:\/\/comunicando.gal\/gal\/wp-content\/plugins\/justified-image-grid\/timthumb.php?src=https%3A%2F%2Fcomunicando.gal%2Fgal%2Fwp-content%2Fuploads%2F2024%2F07%2FSpedion.png&amp;h=300&amp;w=300&amp;q=90&amp;f=.png\" alt=\"Spedion Espa\u00f1a\" width=\"300\" height=\"300\" \/><\/a><p class=\"jig-HTMLdescription\">Spedion Espa\u00f1a<br\/>Spedion<\/p><\/li><li><a href=\"https:\/\/comunicando.gal\/gal\/wp-content\/uploads\/2024\/07\/Concello-A-Rua-1.png\"><img loading=\"lazy\" decoding=\"async\" src=\"https:\/\/comunicando.gal\/gal\/wp-content\/plugins\/justified-image-grid\/timthumb.php?src=https%3A%2F%2Fcomunicando.gal%2Fgal%2Fwp-content%2Fuploads%2F2024%2F07%2FConcello-A-Rua-1.png&amp;h=300&amp;w=300&amp;q=90&amp;f=.png\" alt=\"Concello da R\u00faa\" width=\"300\" height=\"300\" \/><\/a><p class=\"jig-HTMLdescription\">Concello da R\u00faa<\/p><\/li><li><a href=\"https:\/\/comunicando.gal\/gal\/wp-content\/uploads\/2024\/07\/DO-Valdeorras.png\"><img loading=\"lazy\" decoding=\"async\" src=\"https:\/\/comunicando.gal\/gal\/wp-content\/plugins\/justified-image-grid\/timthumb.php?src=https%3A%2F%2Fcomunicando.gal%2Fgal%2Fwp-content%2Fuploads%2F2024%2F07%2FDO-Valdeorras.png&amp;h=300&amp;w=300&amp;q=90&amp;f=.png\" alt=\"Consello Regulador D.O. Valdeorras\" width=\"300\" height=\"300\" \/><\/a><p class=\"jig-HTMLdescription\">Consello Regulador D.O. Valdeorras<\/p><\/li><li><a href=\"https:\/\/comunicando.gal\/gal\/wp-content\/uploads\/2024\/07\/Turismo-de-Galicia.png\"><img loading=\"lazy\" decoding=\"async\" src=\"https:\/\/comunicando.gal\/gal\/wp-content\/plugins\/justified-image-grid\/timthumb.php?src=https%3A%2F%2Fcomunicando.gal%2Fgal%2Fwp-content%2Fuploads%2F2024%2F07%2FTurismo-de-Galicia.png&amp;h=300&amp;w=300&amp;q=90&amp;f=.png\" alt=\"Axencia de Turismo de Galicia\" width=\"300\" height=\"300\" \/><\/a><p class=\"jig-HTMLdescription\">Axencia de Turismo de Galicia<\/p><\/li><li><a href=\"https:\/\/comunicando.gal\/gal\/wp-content\/uploads\/2024\/07\/Colegio-Oficial-Frarmaceuticos-Ourense.png\"><img loading=\"lazy\" decoding=\"async\" src=\"https:\/\/comunicando.gal\/gal\/wp-content\/plugins\/justified-image-grid\/timthumb.php?src=https%3A%2F%2Fcomunicando.gal%2Fgal%2Fwp-content%2Fuploads%2F2024%2F07%2FColegio-Oficial-Frarmaceuticos-Ourense.png&amp;h=300&amp;w=300&amp;q=90&amp;f=.png\" alt=\"Colexio Oficial de Farmac\u00e9uticos de Ourense\" width=\"300\" height=\"300\" \/><\/a><p class=\"jig-HTMLdescription\">Colexio Oficial de Farmac\u00e9uticos de Ourense<\/p><\/li><li><a href=\"https:\/\/comunicando.gal\/gal\/wp-content\/uploads\/2024\/07\/Pizarras-tc.png\"><img loading=\"lazy\" decoding=\"async\" src=\"https:\/\/comunicando.gal\/gal\/wp-content\/plugins\/justified-image-grid\/timthumb.php?src=https%3A%2F%2Fcomunicando.gal%2Fgal%2Fwp-content%2Fuploads%2F2024%2F07%2FPizarras-tc.png&amp;h=300&amp;w=300&amp;q=90&amp;f=.png\" alt=\"Pizarras Los Tres Cu\u00f1ados\" width=\"300\" height=\"300\" \/><\/a><p class=\"jig-HTMLdescription\">Pizarras Los Tres Cu\u00f1ados<\/p><\/li><\/ul><\/noscript><\/div>[vc_empty_space][\/vc_column][\/vc_row][vc_row bg_type=\u00bbgrad\u00bb bg_override=\u00bbex-full\u00bb bg_grad=\u00bbbackground: -webkit-gradient(linear, left top, left bottom, color-stop(0%, #F9F3FF), color-stop(99%, #FFFFFF));background: -moz-linear-gradient(top,#F9F3FF 0%,#FFFFFF 99%);background: -webkit-linear-gradient(top,#F9F3FF 0%,#FFFFFF 99%);background: -o-linear-gradient(top,#F9F3FF 0%,#FFFFFF 99%);background: -ms-linear-gradient(top,#F9F3FF 0%,#FFFFFF 99%);background: linear-gradient(top,#F9F3FF 0%,#FFFFFF 99%);\u00bb][vc_column width=\u00bb1\/4&#8243;][\/vc_column][vc_column css_animation=\u00bbfadeInUp\u00bb width=\u00bb1\/2&#8243;]<div class=\"ult-spacer spacer-69f17d42a6aa8\" data-id=\"69f17d42a6aa8\" data-height=\"80\" data-height-mobile=\"60\" data-height-tab=\"\" data-height-tab-portrait=\"80\" data-height-mobile-landscape=\"60\" style=\"clear:both;display:block;\"><\/div><div id=\"ultimate-heading-157369f17d42a6b1d\" class=\"uvc-heading ult-adjust-bottom-margin ultimate-heading-157369f17d42a6b1d uvc-6114 \" data-hspacer=\"line_only\"  data-halign=\"center\" style=\"text-align:center\"><div class=\"uvc-heading-spacer line_only\" style=\"topheight:50px;\"><span class=\"uvc-headings-line\" style=\"border-style:solid;border-bottom-width:50px;border-color:#feb4c3;width:3px;\"><\/span><\/div><\/div><div class=\"ult-spacer spacer-69f17d42a6b55\" data-id=\"69f17d42a6b55\" data-height=\"80\" data-height-mobile=\"60\" data-height-tab=\"\" data-height-tab-portrait=\"80\" data-height-mobile-landscape=\"60\" style=\"clear:both;display:block;\"><\/div>[vc_custom_heading text=\u00bbQueres traballar connosco?\u00bb font_container=\u00bbtag:h2|text_align:center|line_height:1.3em\u00bb use_theme_fonts=\u00bbyes\u00bb css=\u00bb\u00bb][vc_custom_heading text=\u00bbAgora podes formar parte dos nosos clientes satisfeitos.\u00bb font_container=\u00bbtag:h6|text_align:center\u00bb use_theme_fonts=\u00bbyes\u00bb css=\u00bb\u00bb][vc_empty_space height=\u00bb30px\u00bb][vc_btn title=\u00bbCont\u00e1ctanos\u00bb style=\u00bbcustom\u00bb custom_background=\u00bb#87bc2e\u00bb custom_text=\u00bb#ffffff\u00bb shape=\u00bbround\u00bb align=\u00bbcenter\u00bb css=\u00bb\u00bb link=\u00bburl:https%3A%2F%2Fcomunicando.gal%2Fgal%2Fcontactar%2F\u00bb]<div class=\"ult-spacer spacer-69f17d42a6b79\" data-id=\"69f17d42a6b79\" data-height=\"100\" data-height-mobile=\"60\" data-height-tab=\"\" data-height-tab-portrait=\"80\" data-height-mobile-landscape=\"60\" style=\"clear:both;display:block;\"><\/div>[\/vc_column][vc_column width=\u00bb1\/4&#8243;][\/vc_column][\/vc_row]<\/p>\n<\/div>","protected":false},"excerpt":{"rendered":"<p>[vc_row][vc_column css_animation=\u00bbfadeInUp\u00bb][vc_row_inner][vc_column_inner width=\u00bb1\/4&#8243;][\/vc_column_inner][vc_column_inner width=\u00bb1\/2&#8243;][vc_custom_heading text=\u00bbCompartimos con v\u00f3s alg\u00fan dos clientes cos que temos traballado nos derradeiros meses:\u00bb font_container=\u00bbtag:p|font_size:1.2em|text_align:center|color:%23888294&#8243; use_theme_fonts=\u00bbyes\u00bb css=\u00bb\u00bb][\/vc_column_inner][vc_column_inner width=\u00bb1\/4&#8243;][\/vc_column_inner][\/vc_row_inner][\/vc_column][\/vc_row][vc_row][vc_column css_animation=\u00bbfadeInUp\u00bb][vc_empty_space][\/vc_column][\/vc_row][vc_row bg_type=\u00bbgrad\u00bb bg_override=\u00bbex-full\u00bb bg_grad=\u00bbbackground: -webkit-gradient(linear, left top, left bottom, color-stop(0%, #F9F3FF), color-stop(99%, #FFFFFF));background: -moz-linear-gradient(top,#F9F3FF 0%,#FFFFFF 99%);background: -webkit-linear-gradient(top,#F9F3FF 0%,#FFFFFF 99%);background: -o-linear-gradient(top,#F9F3FF 0%,#FFFFFF 99%);background: -ms-linear-gradient(top,#F9F3FF 0%,#FFFFFF 99%);background: linear-gradient(top,#F9F3FF 0%,#FFFFFF 99%);\u00bb][vc_column width=\u00bb1\/4&#8243;][\/vc_column][vc_column css_animation=\u00bbfadeInUp\u00bb width=\u00bb1\/2&#8243;][vc_custom_heading text=\u00bbQueres traballar connosco?\u00bb [&hellip;]<\/p>\n","protected":false},"author":1,"featured_media":0,"parent":0,"menu_order":0,"comment_status":"closed","ping_status":"closed","template":"page.php","meta":{"footnotes":""},"class_list":["post-1522","page","type-page","status-publish","hentry"],"yoast_head":"<!-- This site is optimized with the Yoast SEO plugin v26.2 - https:\/\/yoast.com\/wordpress\/plugins\/seo\/ -->\n<title>Os Nosos Clientes<\/title>\n<meta name=\"description\" content=\"Nuestros profesionales est\u00e1n preparados para sumir retos, innovar y mejorar la comunicaci\u00f3n corporativa de empresas, organismos y entidades.\" \/>\n<meta name=\"robots\" content=\"index, follow, max-snippet:-1, max-image-preview:large, max-video-preview:-1\" \/>\n<link rel=\"canonical\" href=\"https:\/\/comunicando.gal\/gal\/os-nosos-clientes\/\" \/>\n<meta property=\"og:locale\" content=\"es_ES\" \/>\n<meta property=\"og:type\" content=\"article\" \/>\n<meta property=\"og:title\" content=\"Os Nosos Clientes\" \/>\n<meta property=\"og:description\" content=\"Nuestros profesionales est\u00e1n preparados para sumir retos, innovar y mejorar la comunicaci\u00f3n corporativa de empresas, organismos y entidades.\" \/>\n<meta property=\"og:url\" content=\"https:\/\/comunicando.gal\/gal\/os-nosos-clientes\/\" \/>\n<meta property=\"og:site_name\" content=\"Comunicando\" \/>\n<meta property=\"article:modified_time\" content=\"2025-07-01T09:43:29+00:00\" \/>\n<meta property=\"og:image\" content=\"https:\/\/comunicando.gal\/gal\/wp-content\/uploads\/2024\/06\/comunicando.png\" \/>\n\t<meta property=\"og:image:width\" content=\"224\" \/>\n\t<meta property=\"og:image:height\" content=\"87\" \/>\n\t<meta property=\"og:image:type\" content=\"image\/png\" \/>\n<meta name=\"twitter:card\" content=\"summary_large_image\" \/>\n<script type=\"application\/ld+json\" class=\"yoast-schema-graph\">{\"@context\":\"https:\/\/schema.org\",\"@graph\":[{\"@type\":\"WebPage\",\"@id\":\"https:\/\/comunicando.gal\/gal\/os-nosos-clientes\/\",\"url\":\"https:\/\/comunicando.gal\/gal\/os-nosos-clientes\/\",\"name\":\"Os Nosos Clientes\",\"isPartOf\":{\"@id\":\"https:\/\/comunicando.gal\/gal\/#website\"},\"datePublished\":\"2025-07-01T06:04:36+00:00\",\"dateModified\":\"2025-07-01T09:43:29+00:00\",\"description\":\"Nuestros profesionales est\u00e1n preparados para sumir retos, innovar y mejorar la comunicaci\u00f3n corporativa de empresas, organismos y entidades.\",\"breadcrumb\":{\"@id\":\"https:\/\/comunicando.gal\/gal\/os-nosos-clientes\/#breadcrumb\"},\"inLanguage\":\"es\",\"potentialAction\":[{\"@type\":\"ReadAction\",\"target\":[\"https:\/\/comunicando.gal\/gal\/os-nosos-clientes\/\"]}]},{\"@type\":\"BreadcrumbList\",\"@id\":\"https:\/\/comunicando.gal\/gal\/os-nosos-clientes\/#breadcrumb\",\"itemListElement\":[{\"@type\":\"ListItem\",\"position\":1,\"name\":\"Portada\",\"item\":\"https:\/\/comunicando.gal\/gal\/\"},{\"@type\":\"ListItem\",\"position\":2,\"name\":\"Os Nosos Clientes\"}]},{\"@type\":\"WebSite\",\"@id\":\"https:\/\/comunicando.gal\/gal\/#website\",\"url\":\"https:\/\/comunicando.gal\/gal\/\",\"name\":\"Comunicando. Consultor\u00eda de comunicaci\u00f3n.\",\"description\":\"Consultor\u00eda de comunicaci\u00f3n\",\"publisher\":{\"@id\":\"https:\/\/comunicando.gal\/gal\/#organization\"},\"alternateName\":\"Comunicando. Consultor\u00eda de comunicaci\u00f3n.\",\"potentialAction\":[{\"@type\":\"SearchAction\",\"target\":{\"@type\":\"EntryPoint\",\"urlTemplate\":\"https:\/\/comunicando.gal\/gal\/?s={search_term_string}\"},\"query-input\":{\"@type\":\"PropertyValueSpecification\",\"valueRequired\":true,\"valueName\":\"search_term_string\"}}],\"inLanguage\":\"es\"},{\"@type\":\"Organization\",\"@id\":\"https:\/\/comunicando.gal\/gal\/#organization\",\"name\":\"Comunicando. Consultor\u00eda de comunicaci\u00f3n.\",\"url\":\"https:\/\/comunicando.gal\/gal\/\",\"logo\":{\"@type\":\"ImageObject\",\"inLanguage\":\"es\",\"@id\":\"https:\/\/comunicando.gal\/gal\/#\/schema\/logo\/image\/\",\"url\":\"https:\/\/comunicando.gal\/gal\/wp-content\/uploads\/2024\/07\/comunicando-vertical.png\",\"contentUrl\":\"https:\/\/comunicando.gal\/gal\/wp-content\/uploads\/2024\/07\/comunicando-vertical.png\",\"width\":300,\"height\":323,\"caption\":\"Comunicando. Consultor\u00eda de comunicaci\u00f3n.\"},\"image\":{\"@id\":\"https:\/\/comunicando.gal\/gal\/#\/schema\/logo\/image\/\"}}]}<\/script>\n<!-- \/ Yoast SEO plugin. -->","yoast_head_json":{"title":"Os Nosos Clientes","description":"Nuestros profesionales est\u00e1n preparados para sumir retos, innovar y mejorar la comunicaci\u00f3n corporativa de empresas, organismos y entidades.","robots":{"index":"index","follow":"follow","max-snippet":"max-snippet:-1","max-image-preview":"max-image-preview:large","max-video-preview":"max-video-preview:-1"},"canonical":"https:\/\/comunicando.gal\/gal\/os-nosos-clientes\/","og_locale":"es_ES","og_type":"article","og_title":"Os Nosos Clientes","og_description":"Nuestros profesionales est\u00e1n preparados para sumir retos, innovar y mejorar la comunicaci\u00f3n corporativa de empresas, organismos y entidades.","og_url":"https:\/\/comunicando.gal\/gal\/os-nosos-clientes\/","og_site_name":"Comunicando","article_modified_time":"2025-07-01T09:43:29+00:00","og_image":[{"width":224,"height":87,"url":"https:\/\/comunicando.gal\/gal\/wp-content\/uploads\/2024\/06\/comunicando.png","type":"image\/png"}],"twitter_card":"summary_large_image","schema":{"@context":"https:\/\/schema.org","@graph":[{"@type":"WebPage","@id":"https:\/\/comunicando.gal\/gal\/os-nosos-clientes\/","url":"https:\/\/comunicando.gal\/gal\/os-nosos-clientes\/","name":"Os Nosos Clientes","isPartOf":{"@id":"https:\/\/comunicando.gal\/gal\/#website"},"datePublished":"2025-07-01T06:04:36+00:00","dateModified":"2025-07-01T09:43:29+00:00","description":"Nuestros profesionales est\u00e1n preparados para sumir retos, innovar y mejorar la comunicaci\u00f3n corporativa de empresas, organismos y entidades.","breadcrumb":{"@id":"https:\/\/comunicando.gal\/gal\/os-nosos-clientes\/#breadcrumb"},"inLanguage":"es","potentialAction":[{"@type":"ReadAction","target":["https:\/\/comunicando.gal\/gal\/os-nosos-clientes\/"]}]},{"@type":"BreadcrumbList","@id":"https:\/\/comunicando.gal\/gal\/os-nosos-clientes\/#breadcrumb","itemListElement":[{"@type":"ListItem","position":1,"name":"Portada","item":"https:\/\/comunicando.gal\/gal\/"},{"@type":"ListItem","position":2,"name":"Os Nosos Clientes"}]},{"@type":"WebSite","@id":"https:\/\/comunicando.gal\/gal\/#website","url":"https:\/\/comunicando.gal\/gal\/","name":"Comunicando. Consultor\u00eda de comunicaci\u00f3n.","description":"Consultor\u00eda de comunicaci\u00f3n","publisher":{"@id":"https:\/\/comunicando.gal\/gal\/#organization"},"alternateName":"Comunicando. Consultor\u00eda de comunicaci\u00f3n.","potentialAction":[{"@type":"SearchAction","target":{"@type":"EntryPoint","urlTemplate":"https:\/\/comunicando.gal\/gal\/?s={search_term_string}"},"query-input":{"@type":"PropertyValueSpecification","valueRequired":true,"valueName":"search_term_string"}}],"inLanguage":"es"},{"@type":"Organization","@id":"https:\/\/comunicando.gal\/gal\/#organization","name":"Comunicando. Consultor\u00eda de comunicaci\u00f3n.","url":"https:\/\/comunicando.gal\/gal\/","logo":{"@type":"ImageObject","inLanguage":"es","@id":"https:\/\/comunicando.gal\/gal\/#\/schema\/logo\/image\/","url":"https:\/\/comunicando.gal\/gal\/wp-content\/uploads\/2024\/07\/comunicando-vertical.png","contentUrl":"https:\/\/comunicando.gal\/gal\/wp-content\/uploads\/2024\/07\/comunicando-vertical.png","width":300,"height":323,"caption":"Comunicando. Consultor\u00eda de comunicaci\u00f3n."},"image":{"@id":"https:\/\/comunicando.gal\/gal\/#\/schema\/logo\/image\/"}}]}},"_links":{"self":[{"href":"https:\/\/comunicando.gal\/gal\/wp-json\/wp\/v2\/pages\/1522","targetHints":{"allow":["GET"]}}],"collection":[{"href":"https:\/\/comunicando.gal\/gal\/wp-json\/wp\/v2\/pages"}],"about":[{"href":"https:\/\/comunicando.gal\/gal\/wp-json\/wp\/v2\/types\/page"}],"author":[{"embeddable":true,"href":"https:\/\/comunicando.gal\/gal\/wp-json\/wp\/v2\/users\/1"}],"replies":[{"embeddable":true,"href":"https:\/\/comunicando.gal\/gal\/wp-json\/wp\/v2\/comments?post=1522"}],"version-history":[{"count":14,"href":"https:\/\/comunicando.gal\/gal\/wp-json\/wp\/v2\/pages\/1522\/revisions"}],"predecessor-version":[{"id":4845,"href":"https:\/\/comunicando.gal\/gal\/wp-json\/wp\/v2\/pages\/1522\/revisions\/4845"}],"wp:attachment":[{"href":"https:\/\/comunicando.gal\/gal\/wp-json\/wp\/v2\/media?parent=1522"}],"curies":[{"name":"wp","href":"https:\/\/api.w.org\/{rel}","templated":true}]}}