{"id":1500,"date":"2024-08-02T08:36:30","date_gmt":"2024-08-02T06:36:30","guid":{"rendered":"https:\/\/preview.treethemes.com\/nyssa\/demo1-clean\/?page_id=1500"},"modified":"2024-08-07T11:11:48","modified_gmt":"2024-08-07T09:11:48","slug":"contactar","status":"publish","type":"page","link":"https:\/\/comunicando.gal\/gal\/contactar\/","title":{"rendered":"Contactar"},"content":{"rendered":"<div class=\"wpb-content-wrapper\"><p>[vc_row css_animation=\u00bbfadeIn\u00bb bg_type=\u00bbimage\u00bb parallax_style=\u00bbvcpb-default\u00bb bg_image_new=\u00bbid^4427|url^https:\/\/comunicando.gal\/gal\/wp-content\/uploads\/2024\/07\/consultoria-comunicacion.jpg|caption^null|alt^null|title^Consultor\u00eda de comunicaci\u00f3n|description^null\u00bb bg_image_repeat=\u00bbno-repeat\u00bb bg_override=\u00bbex-full\u00bb enable_overlay=\u00bbenable_overlay_value\u00bb overlay_color=\u00bbrgba(28,12,61,0.4)\u00bb][vc_column]<div class=\"ult-spacer spacer-69f16d2f0b7f0\" data-id=\"69f16d2f0b7f0\" data-height=\"550\" data-height-mobile=\"200\" data-height-tab=\"\" data-height-tab-portrait=\"400\" data-height-mobile-landscape=\"200\" style=\"clear:both;display:block;\"><\/div>[\/vc_column][\/vc_row][vc_row][vc_column]<div class=\"ult-spacer spacer-69f16d2f0b83d\" data-id=\"69f16d2f0b83d\" data-height=\"0\" data-height-mobile=\"100\" data-height-tab=\"0\" data-height-tab-portrait=\"100\" data-height-mobile-landscape=\"100\" style=\"clear:both;display:block;\"><\/div>[\/vc_column][\/vc_row][vc_row][vc_column css_animation=\u00bbfadeInUp\u00bb css=\u00bb.vc_custom_1671743775252{margin-top: -160px !important;}\u00bb]<div class=\"ult-content-box-container medium-padding-mobile\" >\t\t<div class=\"ult-content-box\" style=\"background-color:#ffffff;box-shadow: 10px 10px 30px 10px rgba(28,12,61,0.06) ;padding:60px;margin-top:0px;margin-right:100px;margin-bottom:0px;margin-left:100px;-webkit-transition: all 700ms ease;-moz-transition: all 700ms ease;-ms-transition: all 700ms ease;-o-transition: all 700ms ease;transition: all 700ms ease;\"  data-hover_box_shadow=\" 10px 10px 30px 10px rgba(28,12,61,0.06) \"   data-responsive_margins=\"margin:0px;\"   data-normal_margins=\"margin-top:0px;margin-right:100px;margin-bottom:0px;margin-left:100px;\"   data-bg=\"#ffffff\" >[vc_custom_heading text=\u00bbFormulario de contacto\u00bb font_container=\u00bbtag:p|text_align:left\u00bb use_theme_fonts=\u00bbyes\u00bb css=\u00bb\u00bb el_class=\u00bbheading_border\u00bb][vc_custom_heading text=\u00bbCont\u00e1ctanos e falamos\u00bb font_container=\u00bbtag:h1|text_align:left\u00bb use_theme_fonts=\u00bbyes\u00bb css_animation=\u00bbnone\u00bb css=\u00bb\u00bb][vc_empty_space height=\u00bb50px\u00bb]\n<div class=\"wpcf7 no-js\" id=\"wpcf7-f827-o1\" lang=\"en-US\" dir=\"ltr\" data-wpcf7-id=\"827\">\n<div class=\"screen-reader-response\"><p role=\"status\" aria-live=\"polite\" aria-atomic=\"true\"><\/p> <ul><\/ul><\/div>\n<form action=\"\/gal\/wp-json\/wp\/v2\/pages\/1500#wpcf7-f827-o1\" method=\"post\" class=\"wpcf7-form init\" aria-label=\"Contact form\" novalidate=\"novalidate\" data-status=\"init\">\n<fieldset class=\"hidden-fields-container\"><input type=\"hidden\" name=\"_wpcf7\" value=\"827\" \/><input type=\"hidden\" name=\"_wpcf7_version\" value=\"6.1.3\" \/><input type=\"hidden\" name=\"_wpcf7_locale\" value=\"en_US\" \/><input type=\"hidden\" name=\"_wpcf7_unit_tag\" value=\"wpcf7-f827-o1\" \/><input type=\"hidden\" name=\"_wpcf7_container_post\" value=\"0\" \/><input type=\"hidden\" name=\"_wpcf7_posted_data_hash\" value=\"\" \/>\n<\/fieldset>\n<div class=\"nyssa-multiple-fields\">\n\t<div class=\"f-name\">\n\t\t<p>Nome\/Empresa <span class=\"cforms-required\">*<\/span>\n\t\t<\/p>\n\t\t<p><span class=\"wpcf7-form-control-wrap\" data-name=\"your-name\"><input size=\"40\" maxlength=\"400\" class=\"wpcf7-form-control wpcf7-text wpcf7-validates-as-required\" aria-required=\"true\" aria-invalid=\"false\" value=\"\" type=\"text\" name=\"your-name\" \/><\/span>\n\t\t<\/p>\n\t<\/div>\n\t<div class=\"f-email\">\n\t\t<p>Direcci\u00f3n Email <span class=\"cforms-required\">*<\/span>\n\t\t<\/p>\n\t\t<p><span class=\"wpcf7-form-control-wrap\" data-name=\"your-email\"><input size=\"40\" maxlength=\"400\" class=\"wpcf7-form-control wpcf7-email wpcf7-validates-as-required wpcf7-text wpcf7-validates-as-email\" aria-required=\"true\" aria-invalid=\"false\" value=\"\" type=\"email\" name=\"your-email\" \/><\/span>\n\t\t<\/p>\n\t<\/div>\n\t<div class=\"f-subject\">\n\t\t<p>Asunto\n\t\t<\/p>\n\t\t<p><span class=\"wpcf7-form-control-wrap\" data-name=\"your-subject\"><input size=\"40\" maxlength=\"400\" class=\"wpcf7-form-control wpcf7-text\" aria-invalid=\"false\" value=\"\" type=\"text\" name=\"your-subject\" \/><\/span>\n\t\t<\/p>\n\t<\/div>\n\t<div class=\"f-service\">\n\t\t<p>Est\u00e1s interesado en:\n\t\t<\/p>\n\t\t<p><span class=\"wpcf7-form-control-wrap\" data-name=\"menu-781\"><select class=\"wpcf7-form-control wpcf7-select\" aria-invalid=\"false\" name=\"menu-781\"><option value=\"Comunicaci\u00f3n corporativa\">Comunicaci\u00f3n corporativa<\/option><option value=\"Relaci\u00f3ns p\u00fablicas\">Relaci\u00f3ns p\u00fablicas<\/option><option value=\"Formaci\u00f3n de voceiros\">Formaci\u00f3n de voceiros<\/option><option value=\"Xesti\u00f3n de redes sociais\">Xesti\u00f3n de redes sociais<\/option><option value=\"Organizaci\u00f3n de eventos\">Organizaci\u00f3n de eventos<\/option><option value=\"Presentaci\u00f3ns de produto\">Presentaci\u00f3ns de produto<\/option><option value=\"Consultor\u00eda de Marketing\">Consultor\u00eda de Marketing<\/option><option value=\"Estratexia dixital\">Estratexia dixital<\/option><option value=\"Desenvolvemento de campa\u00f1as\">Desenvolvemento de campa\u00f1as<\/option><option value=\"Creatividade\/Xesti\u00f3n publicitaria\">Creatividade\/Xesti\u00f3n publicitaria<\/option><option value=\"Outras consultas\">Outras consultas<\/option><\/select><\/span>\n\t\t<\/p>\n\t<\/div>\n\t<div class=\"f-message\">\n\t\t<p>Mensaxe\n\t\t<\/p>\n\t\t<p><span class=\"wpcf7-form-control-wrap\" data-name=\"your-message\"><textarea cols=\"40\" rows=\"10\" maxlength=\"2000\" class=\"wpcf7-form-control wpcf7-textarea\" aria-invalid=\"false\" name=\"your-message\"><\/textarea><\/span>\n\t\t<\/p>\n\t<\/div>\n\t<p><span class=\"wpcf7-form-control-wrap\" data-name=\"your-consent\"><span class=\"wpcf7-form-control wpcf7-acceptance\"><span class=\"wpcf7-list-item\"><label><input type=\"checkbox\" name=\"your-consent\" value=\"1\" aria-invalid=\"false\" \/><span class=\"wpcf7-list-item-label\">Lin e acepto a <a href=\"https:\/\/comunicando.gal\/gal\/politica-privacidade\/\">Pol\u00edtica de privacidade<\/a><\/span><\/label><\/span><\/span><\/span>\n\t<\/p>\n\t<div class=\"bt-contact\">\n\t\t<p><a class=\"btn-contact-left\"><input class=\"wpcf7-form-control wpcf7-submit has-spinner\" type=\"submit\" value=\"ENVIAR\" \/><\/a>\n\t\t<\/p>\n\t<\/div>\n<\/div><div class=\"wpcf7-response-output\" aria-hidden=\"true\"><\/div>\n<\/form>\n<\/div>\n\t\t<\/div><\/div>[\/vc_column][\/vc_row][vc_row][vc_column]<div class=\"ult-spacer spacer-69f16d2f0f7d4\" data-id=\"69f16d2f0f7d4\" data-height=\"100\" data-height-mobile=\"70\" data-height-tab=\"\" data-height-tab-portrait=\"\" data-height-mobile-landscape=\"70\" style=\"clear:both;display:block;\"><\/div>[\/vc_column][\/vc_row]<\/p>\n<\/div>","protected":false},"excerpt":{"rendered":"<p>[vc_row css_animation=\u00bbfadeIn\u00bb bg_type=\u00bbimage\u00bb parallax_style=\u00bbvcpb-default\u00bb bg_image_new=\u00bbid^4427|url^https:\/\/comunicando.gal\/gal\/wp-content\/uploads\/2024\/07\/consultoria-comunicacion.jpg|caption^null|alt^null|title^Consultor\u00eda de comunicaci\u00f3n|description^null\u00bb bg_image_repeat=\u00bbno-repeat\u00bb bg_override=\u00bbex-full\u00bb enable_overlay=\u00bbenable_overlay_value\u00bb overlay_color=\u00bbrgba(28,12,61,0.4)\u00bb][vc_column][\/vc_column][\/vc_row][vc_row][vc_column][\/vc_column][\/vc_row][vc_row][vc_column css_animation=\u00bbfadeInUp\u00bb css=\u00bb.vc_custom_1671743775252{margin-top: -160px !important;}\u00bb][\/vc_column][\/vc_row][vc_row][vc_column][\/vc_column][\/vc_row]<\/p>\n","protected":false},"author":1,"featured_media":0,"parent":0,"menu_order":0,"comment_status":"closed","ping_status":"closed","template":"page.php","meta":{"footnotes":""},"class_list":["post-1500","page","type-page","status-publish","hentry"],"yoast_head":"<!-- This site is optimized with the Yoast SEO plugin v26.2 - https:\/\/yoast.com\/wordpress\/plugins\/seo\/ -->\n<title>Contactar<\/title>\n<meta name=\"description\" content=\"Nuestro compromiso con el cliente y el proyecto forma parte de nuestra identidad como empresa. Porque creemos que sin compromiso, no hay resultado.\" \/>\n<meta name=\"robots\" content=\"index, follow, max-snippet:-1, max-image-preview:large, max-video-preview:-1\" \/>\n<link rel=\"canonical\" href=\"https:\/\/comunicando.gal\/gal\/contactar\/\" \/>\n<meta property=\"og:locale\" content=\"es_ES\" \/>\n<meta property=\"og:type\" content=\"article\" \/>\n<meta property=\"og:title\" content=\"Contactar\" \/>\n<meta property=\"og:description\" content=\"Nuestro compromiso con el cliente y el proyecto forma parte de nuestra identidad como empresa. Porque creemos que sin compromiso, no hay resultado.\" \/>\n<meta property=\"og:url\" content=\"https:\/\/comunicando.gal\/gal\/contactar\/\" \/>\n<meta property=\"og:site_name\" content=\"Comunicando\" \/>\n<meta property=\"article:modified_time\" content=\"2024-08-07T09:11:48+00:00\" \/>\n<meta property=\"og:image\" content=\"https:\/\/comunicando.gal\/gal\/wp-content\/uploads\/2024\/06\/comunicando.png\" \/>\n\t<meta property=\"og:image:width\" content=\"224\" \/>\n\t<meta property=\"og:image:height\" content=\"87\" \/>\n\t<meta property=\"og:image:type\" content=\"image\/png\" \/>\n<meta name=\"twitter:card\" content=\"summary_large_image\" \/>\n<script type=\"application\/ld+json\" class=\"yoast-schema-graph\">{\"@context\":\"https:\/\/schema.org\",\"@graph\":[{\"@type\":\"WebPage\",\"@id\":\"https:\/\/comunicando.gal\/gal\/contactar\/\",\"url\":\"https:\/\/comunicando.gal\/gal\/contactar\/\",\"name\":\"Contactar\",\"isPartOf\":{\"@id\":\"https:\/\/comunicando.gal\/gal\/#website\"},\"datePublished\":\"2024-08-02T06:36:30+00:00\",\"dateModified\":\"2024-08-07T09:11:48+00:00\",\"description\":\"Nuestro compromiso con el cliente y el proyecto forma parte de nuestra identidad como empresa. Porque creemos que sin compromiso, no hay resultado.\",\"breadcrumb\":{\"@id\":\"https:\/\/comunicando.gal\/gal\/contactar\/#breadcrumb\"},\"inLanguage\":\"es\",\"potentialAction\":[{\"@type\":\"ReadAction\",\"target\":[\"https:\/\/comunicando.gal\/gal\/contactar\/\"]}]},{\"@type\":\"BreadcrumbList\",\"@id\":\"https:\/\/comunicando.gal\/gal\/contactar\/#breadcrumb\",\"itemListElement\":[{\"@type\":\"ListItem\",\"position\":1,\"name\":\"Portada\",\"item\":\"https:\/\/comunicando.gal\/gal\/\"},{\"@type\":\"ListItem\",\"position\":2,\"name\":\"Contactar\"}]},{\"@type\":\"WebSite\",\"@id\":\"https:\/\/comunicando.gal\/gal\/#website\",\"url\":\"https:\/\/comunicando.gal\/gal\/\",\"name\":\"Comunicando. Consultor\u00eda de comunicaci\u00f3n.\",\"description\":\"Consultor\u00eda de comunicaci\u00f3n\",\"publisher\":{\"@id\":\"https:\/\/comunicando.gal\/gal\/#organization\"},\"alternateName\":\"Comunicando. Consultor\u00eda de comunicaci\u00f3n.\",\"potentialAction\":[{\"@type\":\"SearchAction\",\"target\":{\"@type\":\"EntryPoint\",\"urlTemplate\":\"https:\/\/comunicando.gal\/gal\/?s={search_term_string}\"},\"query-input\":{\"@type\":\"PropertyValueSpecification\",\"valueRequired\":true,\"valueName\":\"search_term_string\"}}],\"inLanguage\":\"es\"},{\"@type\":\"Organization\",\"@id\":\"https:\/\/comunicando.gal\/gal\/#organization\",\"name\":\"Comunicando. Consultor\u00eda de comunicaci\u00f3n.\",\"url\":\"https:\/\/comunicando.gal\/gal\/\",\"logo\":{\"@type\":\"ImageObject\",\"inLanguage\":\"es\",\"@id\":\"https:\/\/comunicando.gal\/gal\/#\/schema\/logo\/image\/\",\"url\":\"https:\/\/comunicando.gal\/gal\/wp-content\/uploads\/2024\/07\/comunicando-vertical.png\",\"contentUrl\":\"https:\/\/comunicando.gal\/gal\/wp-content\/uploads\/2024\/07\/comunicando-vertical.png\",\"width\":300,\"height\":323,\"caption\":\"Comunicando. Consultor\u00eda de comunicaci\u00f3n.\"},\"image\":{\"@id\":\"https:\/\/comunicando.gal\/gal\/#\/schema\/logo\/image\/\"}}]}<\/script>\n<!-- \/ Yoast SEO plugin. -->","yoast_head_json":{"title":"Contactar","description":"Nuestro compromiso con el cliente y el proyecto forma parte de nuestra identidad como empresa. Porque creemos que sin compromiso, no hay resultado.","robots":{"index":"index","follow":"follow","max-snippet":"max-snippet:-1","max-image-preview":"max-image-preview:large","max-video-preview":"max-video-preview:-1"},"canonical":"https:\/\/comunicando.gal\/gal\/contactar\/","og_locale":"es_ES","og_type":"article","og_title":"Contactar","og_description":"Nuestro compromiso con el cliente y el proyecto forma parte de nuestra identidad como empresa. Porque creemos que sin compromiso, no hay resultado.","og_url":"https:\/\/comunicando.gal\/gal\/contactar\/","og_site_name":"Comunicando","article_modified_time":"2024-08-07T09:11:48+00:00","og_image":[{"width":224,"height":87,"url":"https:\/\/comunicando.gal\/gal\/wp-content\/uploads\/2024\/06\/comunicando.png","type":"image\/png"}],"twitter_card":"summary_large_image","schema":{"@context":"https:\/\/schema.org","@graph":[{"@type":"WebPage","@id":"https:\/\/comunicando.gal\/gal\/contactar\/","url":"https:\/\/comunicando.gal\/gal\/contactar\/","name":"Contactar","isPartOf":{"@id":"https:\/\/comunicando.gal\/gal\/#website"},"datePublished":"2024-08-02T06:36:30+00:00","dateModified":"2024-08-07T09:11:48+00:00","description":"Nuestro compromiso con el cliente y el proyecto forma parte de nuestra identidad como empresa. Porque creemos que sin compromiso, no hay resultado.","breadcrumb":{"@id":"https:\/\/comunicando.gal\/gal\/contactar\/#breadcrumb"},"inLanguage":"es","potentialAction":[{"@type":"ReadAction","target":["https:\/\/comunicando.gal\/gal\/contactar\/"]}]},{"@type":"BreadcrumbList","@id":"https:\/\/comunicando.gal\/gal\/contactar\/#breadcrumb","itemListElement":[{"@type":"ListItem","position":1,"name":"Portada","item":"https:\/\/comunicando.gal\/gal\/"},{"@type":"ListItem","position":2,"name":"Contactar"}]},{"@type":"WebSite","@id":"https:\/\/comunicando.gal\/gal\/#website","url":"https:\/\/comunicando.gal\/gal\/","name":"Comunicando. Consultor\u00eda de comunicaci\u00f3n.","description":"Consultor\u00eda de comunicaci\u00f3n","publisher":{"@id":"https:\/\/comunicando.gal\/gal\/#organization"},"alternateName":"Comunicando. Consultor\u00eda de comunicaci\u00f3n.","potentialAction":[{"@type":"SearchAction","target":{"@type":"EntryPoint","urlTemplate":"https:\/\/comunicando.gal\/gal\/?s={search_term_string}"},"query-input":{"@type":"PropertyValueSpecification","valueRequired":true,"valueName":"search_term_string"}}],"inLanguage":"es"},{"@type":"Organization","@id":"https:\/\/comunicando.gal\/gal\/#organization","name":"Comunicando. Consultor\u00eda de comunicaci\u00f3n.","url":"https:\/\/comunicando.gal\/gal\/","logo":{"@type":"ImageObject","inLanguage":"es","@id":"https:\/\/comunicando.gal\/gal\/#\/schema\/logo\/image\/","url":"https:\/\/comunicando.gal\/gal\/wp-content\/uploads\/2024\/07\/comunicando-vertical.png","contentUrl":"https:\/\/comunicando.gal\/gal\/wp-content\/uploads\/2024\/07\/comunicando-vertical.png","width":300,"height":323,"caption":"Comunicando. Consultor\u00eda de comunicaci\u00f3n."},"image":{"@id":"https:\/\/comunicando.gal\/gal\/#\/schema\/logo\/image\/"}}]}},"_links":{"self":[{"href":"https:\/\/comunicando.gal\/gal\/wp-json\/wp\/v2\/pages\/1500","targetHints":{"allow":["GET"]}}],"collection":[{"href":"https:\/\/comunicando.gal\/gal\/wp-json\/wp\/v2\/pages"}],"about":[{"href":"https:\/\/comunicando.gal\/gal\/wp-json\/wp\/v2\/types\/page"}],"author":[{"embeddable":true,"href":"https:\/\/comunicando.gal\/gal\/wp-json\/wp\/v2\/users\/1"}],"replies":[{"embeddable":true,"href":"https:\/\/comunicando.gal\/gal\/wp-json\/wp\/v2\/comments?post=1500"}],"version-history":[{"count":16,"href":"https:\/\/comunicando.gal\/gal\/wp-json\/wp\/v2\/pages\/1500\/revisions"}],"predecessor-version":[{"id":4614,"href":"https:\/\/comunicando.gal\/gal\/wp-json\/wp\/v2\/pages\/1500\/revisions\/4614"}],"wp:attachment":[{"href":"https:\/\/comunicando.gal\/gal\/wp-json\/wp\/v2\/media?parent=1500"}],"curies":[{"name":"wp","href":"https:\/\/api.w.org\/{rel}","templated":true}]}}