{"id":1490,"date":"2024-08-02T08:34:52","date_gmt":"2024-08-02T06:34:52","guid":{"rendered":"https:\/\/preview.treethemes.com\/nyssa\/demo1-clean\/?page_id=1490"},"modified":"2024-08-05T08:47:00","modified_gmt":"2024-08-05T06:47:00","slug":"consultoria-de-comunicacion","status":"publish","type":"page","link":"https:\/\/comunicando.gal\/gal\/consultoria-de-comunicacion\/","title":{"rendered":"Consultor\u00eda de comunicaci\u00f3n"},"content":{"rendered":"<div class=\"wpb-content-wrapper\"><p>[vc_row css_animation=\u00bbfadeIn\u00bb bg_type=\u00bbimage\u00bb parallax_style=\u00bbvcpb-default\u00bb bg_image_new=\u00bbid^4425|url^https:\/\/comunicando.gal\/gal\/wp-content\/uploads\/2024\/07\/contactar-comunicando.jpg|caption^null|alt^null|title^contactar comunicando|description^null\u00bb bg_image_repeat=\u00bbno-repeat\u00bb bg_override=\u00bbex-full\u00bb enable_overlay=\u00bbenable_overlay_value\u00bb overlay_color=\u00bbrgba(67,25,147,0.25)\u00bb seperator_enable=\u00bbseperator_enable_value\u00bb seperator_type=\u00bbcurve_up_seperator\u00bb seperator_position=\u00bbbottom_seperator\u00bb seperator_svg_height=\u00bb200&#8243; seperator_shape_background=\u00bb#fefcff\u00bb][vc_column width=\u00bb2\/3&#8243;]<div class=\"ult-content-box-container \" >\t\t<div class=\"ult-content-box\" style=\"box-shadow: px px px px none;margin:70px;-webkit-transition: all 700ms ease;-moz-transition: all 700ms ease;-ms-transition: all 700ms ease;-o-transition: all 700ms ease;transition: all 700ms ease;\"  data-hover_box_shadow=\"none\"   data-responsive_margins=\"margin:0px;\"   data-normal_margins=\"margin:70px;\"  >[vc_empty_space height=\u00bb100px\u00bb][vc_custom_heading text=\u00bbConsultor\u00eda de comunicaci\u00f3n\u00bb font_container=\u00bbtag:h5|text_align:left|color:%23ffffff\u00bb use_theme_fonts=\u00bbyes\u00bb css=\u00bb\u00bb]<div id=\"ultv-963\" class=\"ult-dual-color ult-adjust-bottom-margin ult-dual-color-responsive-none ultv-963  \"><div class=\"ult-module-content ult-dual-color-heading\" style=\"text-align:left;\">\n\t\t\t\t\t\t<h1><span class=\"ult-before-heading\">\n\t\t\t\t\t\t<span class=\"ult-dual-heading-text ult-first-text ult-responsive\"  data-ultimate-target='.ult-dual-color.ultv-963 .ult-dual-heading-text'  data-responsive-json-new='{\"font-size\":\"\",\"line-height\":\"\"}'  style=\"color:#ffffff;     border:none; font-family:&#039;Inter&#039;;font-weight:800;\">Planificamos a t\u00faa estratexia de comunicaci\u00f3n<\/span>\n\t\t\t\t\t<\/span><span class=\"ult-adv-heading\" style=\"\">\n\t\t\t\t\t\t<span class=\"ult-dual-adv-heading-text ult-highlight-text ult-responsive\"  data-ultimate-target='.ult-dual-color.ultv-963 .ult-highlight-text'  data-responsive-json-new='{\"font-size\":\"\",\"line-height\":\"\"}'  style=\"color:#feb4c3;   letter-spacing:0px;  border:none; font-family:&#039;Inter&#039;;font-weight:800;\">.<\/span>\n\t\t\t\t\t<\/span><\/h1> <\/div><\/div>[vc_empty_space height=\u00bb220px\u00bb]\t\t<\/div><\/div>[\/vc_column][vc_column width=\u00bb1\/3&#8243;][\/vc_column][\/vc_row][vc_row bg_type=\u00bbimage\u00bb parallax_style=\u00bbvcpb-default\u00bb el_class=\u00bbwideipad\u00bb css=\u00bb.vc_custom_1721718656844{margin-top: -40px !important;}\u00bb][vc_column css_animation=\u00bbfadeInUp\u00bb]<section class='special_tabs icontext vertical'><div class='tab-selector col-xs-12 col-sm-3'><\/div><div class='tab-container col-xs-12 col-sm-9' style='margin-left:0px;'><\/div><div class='label 1'><div class='nyssa_icon_special_tabs'><i class='fa linearicons-home2'><\/i><\/div><div class='title'><a class='special_tabs_linkage'>A Nosa Axencia<\/a><\/div><div class='divider-vertical-tabs'><\/div><\/div><div class='content 1'><p>[vc_row_inner][vc_column_inner css=\u00bb.vc_custom_1474056192226{padding-left: 25px !important;}\u00bb][vc_custom_heading text=\u00bbA Nosa Axencia\u00bb font_container=\u00bbtag:h3|text_align:left\u00bb use_theme_fonts=\u00bbyes\u00bb css=\u00bb\u00bb][vc_empty_space height=\u00bb10px\u00bb][vc_column_text css=\u00bb\u00bb]<strong>A Nosa Axencia:<\/strong> Comunicando \u00e9 unha axencia especializada na xeraci\u00f3n de contidos con valor comunicativo, no dese\u00f1o dunha estratexia de comunicaci\u00f3n, na xesti\u00f3n da imaxe corporativa e a marca.<\/p>\n<p>Os nosos profesionais est\u00e1n preparados para asumir retos, innovar e mellorar a comunicaci\u00f3n corporativa de empresas, organismos e entidades.[\/vc_column_text][vc_empty_space height=\u00bb20px\u00bb][\/vc_column_inner][\/vc_row_inner]<\/p>\n<\/div><div class='label 2'><div class='nyssa_icon_special_tabs'><i class='fa linearicons-rocket'><\/i><\/div><div class='title'><a class='special_tabs_linkage'>A Nosa Misi\u00f3n<\/a><\/div><div class='divider-vertical-tabs'><\/div><\/div><div class='content 2'><p>[vc_row_inner][vc_column_inner css=\u00bb.vc_custom_1474056192226{padding-left: 25px !important;}\u00bb][vc_custom_heading text=\u00bbA Nosa Misi\u00f3n\u00bb font_container=\u00bbtag:h3|text_align:left\u00bb use_theme_fonts=\u00bbyes\u00bb css=\u00bb\u00bb][vc_empty_space height=\u00bb20px\u00bb][vc_column_text css=\u00bb\u00bb]<u>Acompa\u00f1ar aos nosos clientes na s\u00faa viaxe cara as s\u00faas metas e obxectivos a trav\u00e9s dunha comunicaci\u00f3n real e efectiva. <\/u><\/p>\n<p>Personalizamos a t\u00faa comunicaci\u00f3n ata adaptala aos teus obxectivos.[\/vc_column_text][\/vc_column_inner][\/vc_row_inner]<\/p>\n<\/div><div class='label 3'><div class='nyssa_icon_special_tabs'><i class='fa linearicons-city'><\/i><\/div><div class='title'><a class='special_tabs_linkage'>Os Nosos Valores<\/a><\/div><div class='divider-vertical-tabs'><\/div><\/div><div class='content 3'><p>[vc_row_inner][vc_column_inner css=\u00bb.vc_custom_1474056192226{padding-left: 25px !important;}\u00bb][vc_custom_heading text=\u00bbOs Nosos Valores\u00bb font_container=\u00bbtag:h3|text_align:left\u00bb use_theme_fonts=\u00bbyes\u00bb css=\u00bb\u00bb][vc_empty_space height=\u00bb20px\u00bb][vc_column_text css=\u00bb\u00bb]<\/p>\n<ul>\n<li><strong>Proactividade<\/strong>: asumimos responsabilidades que sabemos que podemos cumprir <u>desde o co\u00f1ecemento da realidade e o anticipo aos acontecementos.<\/u><\/li>\n<li><strong>Compromiso<\/strong>: o noso compromiso co cliente e co proxecto forma parte da nosa identidade como empresa. Porque cremos que sen compromiso, non hai resultado.<\/li>\n<li><strong>Paix\u00f3n polo que facemos: <\/strong>non entendemos o \u00e9xito sen paix\u00f3n. \u00c9 a nosa maneira de visualizar oportunidades e encarar desaf\u00edos con maior claridade.<\/li>\n<\/ul>\n<p>[\/vc_column_text][vc_empty_space height=\u00bb20px\u00bb][\/vc_column_inner][\/vc_row_inner]<\/p>\n<\/div>\n<\/section><div class=\"ult-spacer spacer-69f16fa2236fa\" data-id=\"69f16fa2236fa\" data-height=\"100\" data-height-mobile=\"60\" data-height-tab=\"\" data-height-tab-portrait=\"\" data-height-mobile-landscape=\"60\" style=\"clear:both;display:block;\"><\/div>[\/vc_column][\/vc_row][vc_row full_width=\u00bbstretch_row_content\u00bb equal_height=\u00bbyes\u00bb css_animation=\u00bbfadeIn\u00bb bg_type=\u00bbimage\u00bb parallax_style=\u00bbvcpb-default\u00bb bg_image_repeat=\u00bbno-repeat\u00bb bg_img_attach=\u00bbfixed\u00bb bg_override=\u00bbfull\u00bb animation_type=\u00bbh\u00bb horizontal_animation=\u00bbleft-animation\u00bb vertical_animation=\u00bbtop-animation\u00bb disable_on_mobile=\u00bbdisable_on_mobile_value\u00bb el_class=\u00bbteam-boxes-style wide-ipad\u00bb][vc_column css=\u00bb.vc_custom_1671107601524{background-color: __USE_THEME_MAIN_COLOR__ !important;}\u00bb][\/vc_column][\/vc_row][vc_row full_width=\u00bbstretch_row_content_no_spaces\u00bb equal_height=\u00bbyes\u00bb content_placement=\u00bbmiddle\u00bb bg_type=\u00bbbg_color\u00bb bg_override=\u00bbex-full\u00bb bg_color_value=\u00bb#fbf7ff\u00bb][vc_column css_animation=\u00bbfadeIn\u00bb width=\u00bb1\/2&#8243;][vc_single_image image=\u00bb4419&#8243; img_size=\u00bbfull\u00bb css=\u00bb\u00bb][\/vc_column][vc_column css_animation=\u00bbfadeInUp\u00bb width=\u00bb1\/2&#8243;]<div class=\"ult-content-box-container \" >\t\t<div class=\"ult-content-box\" style=\"box-shadow: px px px px none;margin-top:50px;margin-right:150px;margin-bottom:50px;margin-left:150px;-webkit-transition: all 700ms ease;-moz-transition: all 700ms ease;-ms-transition: all 700ms ease;-o-transition: all 700ms ease;transition: all 700ms ease;\"  data-hover_box_shadow=\"none\"   data-responsive_margins=\"margin:0px;\"   data-normal_margins=\"margin-top:50px;margin-right:150px;margin-bottom:50px;margin-left:150px;\"  ><div class=\"ult-spacer spacer-69f16fa22376c\" data-id=\"69f16fa22376c\" data-height=\"\" data-height-mobile=\"40\" data-height-tab=\"\" data-height-tab-portrait=\"\" data-height-mobile-landscape=\"40\" style=\"clear:both;display:block;\"><\/div>[vc_custom_heading text=\u00bbComunicando\u00bb font_container=\u00bbtag:p|text_align:left\u00bb use_theme_fonts=\u00bbyes\u00bb css=\u00bb\u00bb el_class=\u00bbheading_border\u00bb]<div id=\"ultv-5959\" class=\"ult-dual-color ult-adjust-bottom-margin ult-dual-color-responsive-none ultv-5959  \"><div class=\"ult-module-content ult-dual-color-heading\" style=\"text-align:left;\">\n\t\t\t\t\t\t<h3><span class=\"ult-before-heading\">\n\t\t\t\t\t\t<span class=\"ult-dual-heading-text ult-first-text ult-responsive\"  data-ultimate-target='.ult-dual-color.ultv-5959 .ult-dual-heading-text'  data-responsive-json-new='{\"font-size\":\"\",\"line-height\":\"\"}'  style=\"     border:none; font-family:&#039;Inter&#039;;font-weight:700;\">O equipo<\/span>\n\t\t\t\t\t<\/span><span class=\"ult-adv-heading\" style=\"\">\n\t\t\t\t\t\t<span class=\"ult-dual-adv-heading-text ult-highlight-text ult-responsive\"  data-ultimate-target='.ult-dual-color.ultv-5959 .ult-highlight-text'  data-responsive-json-new='{\"font-size\":\"\",\"line-height\":\"\"}'  style=\"color:#17b088;   letter-spacing:0px;  border:none; font-family:&#039;Inter&#039;;font-weight:800;\">.<\/span>\n\t\t\t\t\t<\/span><\/h3> <\/div><\/div>[vc_column_text css=\u00bb\u00bb]Noso equipo est\u00e1 integrado por profesionais de contrastada experiencia en campos como a sa\u00fade, o sector agroalimentario, vitivin\u00edcola, industrial e social.[\/vc_column_text]<div class=\"ult-spacer spacer-69f16fa223805\" data-id=\"69f16fa223805\" data-height=\"\" data-height-mobile=\"40\" data-height-tab=\"\" data-height-tab-portrait=\"\" data-height-mobile-landscape=\"40\" style=\"clear:both;display:block;\"><\/div>\t\t<\/div><\/div>[\/vc_column][\/vc_row][vc_row content_placement=\u00bbmiddle\u00bb css_animation=\u00bbnone\u00bb bg_type=\u00bbimage\u00bb parallax_style=\u00bbvcpb-default\u00bb bg_image_new=\u00bbid^1763|url^https:\/\/comunicando.gal\/gal\/wp-content\/uploads\/2022\/12\/circles_nyssa.svg|caption^null|alt^null|title^circles_nyssa|description^null\u00bb bg_image_repeat=\u00bbno-repeat\u00bb bg_override=\u00bbex-full\u00bb enable_overlay=\u00bbenable_overlay_value\u00bb overlay_color=\u00bbrgba(249,243,255,0.9)\u00bb][vc_column css_animation=\u00bbfadeInUp\u00bb]<div class=\"ult-spacer spacer-69f16fa223826\" data-id=\"69f16fa223826\" data-height=\"120\" data-height-mobile=\"50\" data-height-tab=\"\" data-height-tab-portrait=\"50\" data-height-mobile-landscape=\"50\" style=\"clear:both;display:block;\"><\/div>[vc_row_inner el_class=\u00bbwide-ipad\u00bb][vc_column_inner el_class=\u00bbremove-padding-mobile\u00bb width=\u00bb2\/3&#8243; css=\u00bb.vc_custom_1603987566857{padding-right: 0px !important;padding-left: 0px !important;}\u00bb][vc_toggle title=\u00bbPor que escollernos?\u00bb style=\u00bbsquare\u00bb size=\u00bblg\u00bb open=\u00bbtrue\u00bb css=\u00bb\u00bb]Experiencia. Ideas. Estratexia.[\/vc_toggle][vc_toggle title=\u00bbComo podo comezar a traballar con v\u00f3s?\u00bb style=\u00bbsquare\u00bb size=\u00bblg\u00bb css=\u00bb\u00bb]Contacta ca nosa axencia a trav\u00e9s do correo electr\u00f3nico info@comunicando.gal ou tel\u00e9fono 651 123 308[\/vc_toggle][vc_toggle title=\u00bbServizos de comunicaci\u00f3n global\u00bb style=\u00bbsquare\u00bb size=\u00bblg\u00bb css=\u00bb\u00bb]Axud\u00e1moste a acadar os teus obxectivos de negocio.[\/vc_toggle][\/vc_column_inner][vc_column_inner width=\u00bb1\/3&#8243;][\/vc_column_inner][\/vc_row_inner]<div class=\"ult-spacer spacer-69f16fa223839\" data-id=\"69f16fa223839\" data-height=\"100\" data-height-mobile=\"50\" data-height-tab=\"\" data-height-tab-portrait=\"50\" data-height-mobile-landscape=\"50\" style=\"clear:both;display:block;\"><\/div>[\/vc_column][\/vc_row][vc_row bg_type=\u00bbimage\u00bb parallax_style=\u00bbvcpb-default\u00bb bg_image_new=\u00bbid^4415|url^https:\/\/comunicando.gal\/gal\/wp-content\/uploads\/2024\/07\/formulario.jpg|caption^null|alt^null|title^formulario|description^null\u00bb bg_image_repeat=\u00bbno-repeat\u00bb bg_override=\u00bbex-full\u00bb enable_overlay=\u00bbenable_overlay_value\u00bb overlay_color=\u00bbrgba(12,0,30,0.6)\u00bb el_class=\u00bbwideipad\u00bb el_id=\u00bbcontactar\u00bb][vc_column width=\u00bb1\/6&#8243; el_class=\u00bbhome-padding2&#8243;][\/vc_column][vc_column width=\u00bb2\/3&#8243;]<div class=\"ult-spacer spacer-69f16fa223849\" data-id=\"69f16fa223849\" data-height=\"140\" data-height-mobile=\"60\" data-height-tab=\"\" data-height-tab-portrait=\"80\" data-height-mobile-landscape=\"60\" style=\"clear:both;display:block;\"><\/div>[vc_custom_heading text=\u00bb\u00c9 o momento de comunicar m\u00e1is e mellor\u00bb font_container=\u00bbtag:h6|font_size:18px|text_align:center|color:%2373b10b\u00bb use_theme_fonts=\u00bbyes\u00bb css=\u00bb\u00bb][vc_custom_heading text=\u00bbSolic\u00edtanos unha reuni\u00f3n\u00bb font_container=\u00bbtag:h2|font_size:48px|text_align:center|color:%23f9f9f9&#8243; use_theme_fonts=\u00bbyes\u00bb css=\u00bb\u00bb][vc_empty_space height=\u00bb40px\u00bb]<div class=\"ult-content-box-container \" >\t\t<div class=\"ult-content-box\" style=\"background-color:rgba(10,7,20,0.85);box-shadow: 5px 5px 25px 0px rgba(28,12,61,0.25) ;border-style:none;padding-top:50px;padding-right:50px;padding-bottom:30px;padding-left:50px;min-height:400px;-webkit-transition: all 700ms ease;-moz-transition: all 700ms ease;-ms-transition: all 700ms ease;-o-transition: all 700ms ease;transition: all 700ms ease;\"  data-hover_bg_color=\"rgba(10,7,20,0.85)\"  data-hover_box_shadow=\" 5px 5px 25px 0px rgba(28,12,61,0.25) \"     data-bg=\"rgba(10,7,20,0.85)\"  data-border_color=\"\" >\n<div class=\"wpcf7 no-js\" id=\"wpcf7-f2009-o1\" lang=\"en-US\" dir=\"ltr\" data-wpcf7-id=\"2009\">\n<div class=\"screen-reader-response\"><p role=\"status\" aria-live=\"polite\" aria-atomic=\"true\"><\/p> <ul><\/ul><\/div>\n<form action=\"\/gal\/wp-json\/wp\/v2\/pages\/1490#wpcf7-f2009-o1\" method=\"post\" class=\"wpcf7-form init\" aria-label=\"Contact form\" novalidate=\"novalidate\" data-status=\"init\">\n<fieldset class=\"hidden-fields-container\"><input type=\"hidden\" name=\"_wpcf7\" value=\"2009\" \/><input type=\"hidden\" name=\"_wpcf7_version\" value=\"6.1.3\" \/><input type=\"hidden\" name=\"_wpcf7_locale\" value=\"en_US\" \/><input type=\"hidden\" name=\"_wpcf7_unit_tag\" value=\"wpcf7-f2009-o1\" \/><input type=\"hidden\" name=\"_wpcf7_container_post\" value=\"0\" \/><input type=\"hidden\" name=\"_wpcf7_posted_data_hash\" value=\"\" \/>\n<\/fieldset>\n<div class=\"nyssa-multiple-fields dark\">\n\t<div class=\"f-name\">\n\t\t<p>Nome\/Empresa <span class=\"cforms-required\">(*)<\/span>\n\t\t<\/p>\n\t\t<p><span class=\"wpcf7-form-control-wrap\" data-name=\"your-name\"><input size=\"40\" maxlength=\"400\" class=\"wpcf7-form-control wpcf7-text wpcf7-validates-as-required\" aria-required=\"true\" aria-invalid=\"false\" value=\"\" type=\"text\" name=\"your-name\" \/><\/span>\n\t\t<\/p>\n\t<\/div>\n\t<div class=\"f-email\">\n\t\t<p>Email <span class=\"cforms-required\">(*)<\/span>\n\t\t<\/p>\n\t\t<p><span class=\"wpcf7-form-control-wrap\" data-name=\"your-email\"><input size=\"40\" maxlength=\"400\" class=\"wpcf7-form-control wpcf7-email wpcf7-validates-as-required wpcf7-text wpcf7-validates-as-email\" aria-required=\"true\" aria-invalid=\"false\" value=\"\" type=\"email\" name=\"your-email\" \/><\/span>\n\t\t<\/p>\n\t<\/div>\n\t<div class=\"f-subject\">\n\t\t<p>Asunto\n\t\t<\/p>\n\t\t<p><span class=\"wpcf7-form-control-wrap\" data-name=\"your-subject\"><input size=\"40\" maxlength=\"400\" class=\"wpcf7-form-control wpcf7-text\" aria-invalid=\"false\" value=\"\" type=\"text\" name=\"your-subject\" \/><\/span>\n\t\t<\/p>\n\t<\/div>\n\t<div class=\"f-service\">\n\t\t<p>Est\u00e1s interesado en:\n\t\t<\/p>\n\t\t<p><span class=\"wpcf7-form-control-wrap\" data-name=\"menu-781\"><select class=\"wpcf7-form-control wpcf7-select\" aria-invalid=\"false\" name=\"menu-781\"><option value=\"Relaci\u00f3ns p\u00fablicas\">Relaci\u00f3ns p\u00fablicas<\/option><option value=\"Formaci\u00f3n de voceiros\">Formaci\u00f3n de voceiros<\/option><option value=\"Xesti\u00f3n de redes sociais\">Xesti\u00f3n de redes sociais<\/option><option value=\"Organizaci\u00f3n de eventos\">Organizaci\u00f3n de eventos<\/option><option value=\"Presentaci\u00f3ns de produto\">Presentaci\u00f3ns de produto<\/option><option value=\"Consultor\u00eda de Marketing\">Consultor\u00eda de Marketing<\/option><option value=\"Estratexia dixital\">Estratexia dixital<\/option><option value=\"Desenvolvemento de campa\u00f1as\">Desenvolvemento de campa\u00f1as<\/option><option value=\"Creatividade\/Xesti\u00f3n publicitaria\">Creatividade\/Xesti\u00f3n publicitaria<\/option><option value=\"Outras consultas\">Outras consultas<\/option><\/select><\/span>\n\t\t<\/p>\n\t<\/div>\n\t<div class=\"f-message\">\n\t\t<p>Mensaxe\n\t\t<\/p>\n\t\t<p><span class=\"wpcf7-form-control-wrap\" data-name=\"your-message\"><textarea cols=\"40\" rows=\"10\" maxlength=\"2000\" class=\"wpcf7-form-control wpcf7-textarea\" aria-invalid=\"false\" name=\"your-message\"><\/textarea><\/span>\n\t\t<\/p>\n\t<\/div>\n\t<p><span class=\"wpcf7-form-control-wrap\" data-name=\"your-consent\"><span class=\"wpcf7-form-control wpcf7-acceptance\"><span class=\"wpcf7-list-item\"><label><input type=\"checkbox\" name=\"your-consent\" value=\"1\" aria-invalid=\"false\" \/><span class=\"wpcf7-list-item-label\">Lin e acepto a <a href=\"https:\/\/comunicando.gal\/gal\/politica-privacidade\/\">Pol\u00edtica de privacidade<\/a><\/span><\/label><\/span><\/span><\/span>\n\t<\/p>\n\t<div class=\"bt-contact center\">\n\t\t<p><a class=\"btn-contact-left\"><input class=\"wpcf7-form-control wpcf7-submit has-spinner\" type=\"submit\" value=\"ENVIAR\" \/><\/a>\n\t\t<\/p>\n\t<\/div>\n<\/div><div class=\"wpcf7-response-output\" aria-hidden=\"true\"><\/div>\n<\/form>\n<\/div>\n\t\t<\/div><\/div><div class=\"ult-spacer spacer-69f16fa225d27\" data-id=\"69f16fa225d27\" data-height=\"140\" data-height-mobile=\"60\" data-height-tab=\"\" data-height-tab-portrait=\"80\" data-height-mobile-landscape=\"60\" style=\"clear:both;display:block;\"><\/div>[\/vc_column][vc_column width=\u00bb1\/6&#8243;][\/vc_column][\/vc_row]<\/p>\n<\/div>","protected":false},"excerpt":{"rendered":"<p>[vc_row css_animation=\u00bbfadeIn\u00bb bg_type=\u00bbimage\u00bb parallax_style=\u00bbvcpb-default\u00bb bg_image_new=\u00bbid^4425|url^https:\/\/comunicando.gal\/gal\/wp-content\/uploads\/2024\/07\/contactar-comunicando.jpg|caption^null|alt^null|title^contactar comunicando|description^null\u00bb bg_image_repeat=\u00bbno-repeat\u00bb bg_override=\u00bbex-full\u00bb enable_overlay=\u00bbenable_overlay_value\u00bb overlay_color=\u00bbrgba(67,25,147,0.25)\u00bb seperator_enable=\u00bbseperator_enable_value\u00bb seperator_type=\u00bbcurve_up_seperator\u00bb seperator_position=\u00bbbottom_seperator\u00bb seperator_svg_height=\u00bb200&#8243; seperator_shape_background=\u00bb#fefcff\u00bb][vc_column width=\u00bb2\/3&#8243;][\/vc_column][vc_column width=\u00bb1\/3&#8243;][\/vc_column][\/vc_row][vc_row bg_type=\u00bbimage\u00bb parallax_style=\u00bbvcpb-default\u00bb el_class=\u00bbwideipad\u00bb css=\u00bb.vc_custom_1721718656844{margin-top: -40px !important;}\u00bb][vc_column css_animation=\u00bbfadeInUp\u00bb][\/vc_column][\/vc_row][vc_row full_width=\u00bbstretch_row_content\u00bb equal_height=\u00bbyes\u00bb css_animation=\u00bbfadeIn\u00bb bg_type=\u00bbimage\u00bb parallax_style=\u00bbvcpb-default\u00bb bg_image_repeat=\u00bbno-repeat\u00bb bg_img_attach=\u00bbfixed\u00bb bg_override=\u00bbfull\u00bb animation_type=\u00bbh\u00bb horizontal_animation=\u00bbleft-animation\u00bb vertical_animation=\u00bbtop-animation\u00bb disable_on_mobile=\u00bbdisable_on_mobile_value\u00bb el_class=\u00bbteam-boxes-style wide-ipad\u00bb][vc_column css=\u00bb.vc_custom_1671107601524{background-color: __USE_THEME_MAIN_COLOR__ !important;}\u00bb][\/vc_column][\/vc_row][vc_row full_width=\u00bbstretch_row_content_no_spaces\u00bb equal_height=\u00bbyes\u00bb content_placement=\u00bbmiddle\u00bb bg_type=\u00bbbg_color\u00bb bg_override=\u00bbex-full\u00bb bg_color_value=\u00bb#fbf7ff\u00bb][vc_column css_animation=\u00bbfadeIn\u00bb width=\u00bb1\/2&#8243;][vc_single_image image=\u00bb4419&#8243; img_size=\u00bbfull\u00bb css=\u00bb\u00bb][\/vc_column][vc_column css_animation=\u00bbfadeInUp\u00bb width=\u00bb1\/2&#8243;][\/vc_column][\/vc_row][vc_row content_placement=\u00bbmiddle\u00bb [&hellip;]<\/p>\n","protected":false},"author":1,"featured_media":0,"parent":0,"menu_order":0,"comment_status":"closed","ping_status":"closed","template":"page.php","meta":{"footnotes":""},"class_list":["post-1490","page","type-page","status-publish","hentry"],"yoast_head":"<!-- This site is optimized with the Yoast SEO plugin v26.2 - https:\/\/yoast.com\/wordpress\/plugins\/seo\/ -->\n<title>Consultor\u00eda de comunicaci\u00f3n<\/title>\n<meta name=\"description\" content=\"Comunicando es una agencia especializada en la generaci\u00f3n de contenidos con valor comunicativo y en el dise\u00f1o de una estrategia de comunicaci\u00f3n\" \/>\n<meta name=\"robots\" content=\"index, follow, max-snippet:-1, max-image-preview:large, max-video-preview:-1\" \/>\n<link rel=\"canonical\" href=\"https:\/\/comunicando.gal\/gal\/consultoria-de-comunicacion\/\" \/>\n<meta property=\"og:locale\" content=\"es_ES\" \/>\n<meta property=\"og:type\" content=\"article\" \/>\n<meta property=\"og:title\" content=\"Consultor\u00eda de comunicaci\u00f3n\" \/>\n<meta property=\"og:description\" content=\"Comunicando es una agencia especializada en la generaci\u00f3n de contenidos con valor comunicativo y en el dise\u00f1o de una estrategia de comunicaci\u00f3n\" \/>\n<meta property=\"og:url\" content=\"https:\/\/comunicando.gal\/gal\/consultoria-de-comunicacion\/\" \/>\n<meta property=\"og:site_name\" content=\"Comunicando\" \/>\n<meta property=\"article:modified_time\" content=\"2024-08-05T06:47:00+00:00\" \/>\n<meta property=\"og:image\" content=\"https:\/\/comunicando.gal\/gal\/wp-content\/uploads\/2024\/06\/comunicando.png\" \/>\n\t<meta property=\"og:image:width\" content=\"224\" \/>\n\t<meta property=\"og:image:height\" content=\"87\" \/>\n\t<meta property=\"og:image:type\" content=\"image\/png\" \/>\n<meta name=\"twitter:card\" content=\"summary_large_image\" \/>\n<script type=\"application\/ld+json\" class=\"yoast-schema-graph\">{\"@context\":\"https:\/\/schema.org\",\"@graph\":[{\"@type\":\"WebPage\",\"@id\":\"https:\/\/comunicando.gal\/gal\/consultoria-de-comunicacion\/\",\"url\":\"https:\/\/comunicando.gal\/gal\/consultoria-de-comunicacion\/\",\"name\":\"Consultor\u00eda de comunicaci\u00f3n\",\"isPartOf\":{\"@id\":\"https:\/\/comunicando.gal\/gal\/#website\"},\"datePublished\":\"2024-08-02T06:34:52+00:00\",\"dateModified\":\"2024-08-05T06:47:00+00:00\",\"description\":\"Comunicando es una agencia especializada en la generaci\u00f3n de contenidos con valor comunicativo y en el dise\u00f1o de una estrategia de comunicaci\u00f3n\",\"breadcrumb\":{\"@id\":\"https:\/\/comunicando.gal\/gal\/consultoria-de-comunicacion\/#breadcrumb\"},\"inLanguage\":\"es\",\"potentialAction\":[{\"@type\":\"ReadAction\",\"target\":[\"https:\/\/comunicando.gal\/gal\/consultoria-de-comunicacion\/\"]}]},{\"@type\":\"BreadcrumbList\",\"@id\":\"https:\/\/comunicando.gal\/gal\/consultoria-de-comunicacion\/#breadcrumb\",\"itemListElement\":[{\"@type\":\"ListItem\",\"position\":1,\"name\":\"Portada\",\"item\":\"https:\/\/comunicando.gal\/gal\/\"},{\"@type\":\"ListItem\",\"position\":2,\"name\":\"Consultor\u00eda de comunicaci\u00f3n\"}]},{\"@type\":\"WebSite\",\"@id\":\"https:\/\/comunicando.gal\/gal\/#website\",\"url\":\"https:\/\/comunicando.gal\/gal\/\",\"name\":\"Comunicando. Consultor\u00eda de comunicaci\u00f3n.\",\"description\":\"Consultor\u00eda de comunicaci\u00f3n\",\"publisher\":{\"@id\":\"https:\/\/comunicando.gal\/gal\/#organization\"},\"alternateName\":\"Comunicando. Consultor\u00eda de comunicaci\u00f3n.\",\"potentialAction\":[{\"@type\":\"SearchAction\",\"target\":{\"@type\":\"EntryPoint\",\"urlTemplate\":\"https:\/\/comunicando.gal\/gal\/?s={search_term_string}\"},\"query-input\":{\"@type\":\"PropertyValueSpecification\",\"valueRequired\":true,\"valueName\":\"search_term_string\"}}],\"inLanguage\":\"es\"},{\"@type\":\"Organization\",\"@id\":\"https:\/\/comunicando.gal\/gal\/#organization\",\"name\":\"Comunicando. Consultor\u00eda de comunicaci\u00f3n.\",\"url\":\"https:\/\/comunicando.gal\/gal\/\",\"logo\":{\"@type\":\"ImageObject\",\"inLanguage\":\"es\",\"@id\":\"https:\/\/comunicando.gal\/gal\/#\/schema\/logo\/image\/\",\"url\":\"https:\/\/comunicando.gal\/gal\/wp-content\/uploads\/2024\/07\/comunicando-vertical.png\",\"contentUrl\":\"https:\/\/comunicando.gal\/gal\/wp-content\/uploads\/2024\/07\/comunicando-vertical.png\",\"width\":300,\"height\":323,\"caption\":\"Comunicando. Consultor\u00eda de comunicaci\u00f3n.\"},\"image\":{\"@id\":\"https:\/\/comunicando.gal\/gal\/#\/schema\/logo\/image\/\"}}]}<\/script>\n<!-- \/ Yoast SEO plugin. -->","yoast_head_json":{"title":"Consultor\u00eda de comunicaci\u00f3n","description":"Comunicando es una agencia especializada en la generaci\u00f3n de contenidos con valor comunicativo y en el dise\u00f1o de una estrategia de comunicaci\u00f3n","robots":{"index":"index","follow":"follow","max-snippet":"max-snippet:-1","max-image-preview":"max-image-preview:large","max-video-preview":"max-video-preview:-1"},"canonical":"https:\/\/comunicando.gal\/gal\/consultoria-de-comunicacion\/","og_locale":"es_ES","og_type":"article","og_title":"Consultor\u00eda de comunicaci\u00f3n","og_description":"Comunicando es una agencia especializada en la generaci\u00f3n de contenidos con valor comunicativo y en el dise\u00f1o de una estrategia de comunicaci\u00f3n","og_url":"https:\/\/comunicando.gal\/gal\/consultoria-de-comunicacion\/","og_site_name":"Comunicando","article_modified_time":"2024-08-05T06:47:00+00:00","og_image":[{"width":224,"height":87,"url":"https:\/\/comunicando.gal\/gal\/wp-content\/uploads\/2024\/06\/comunicando.png","type":"image\/png"}],"twitter_card":"summary_large_image","schema":{"@context":"https:\/\/schema.org","@graph":[{"@type":"WebPage","@id":"https:\/\/comunicando.gal\/gal\/consultoria-de-comunicacion\/","url":"https:\/\/comunicando.gal\/gal\/consultoria-de-comunicacion\/","name":"Consultor\u00eda de comunicaci\u00f3n","isPartOf":{"@id":"https:\/\/comunicando.gal\/gal\/#website"},"datePublished":"2024-08-02T06:34:52+00:00","dateModified":"2024-08-05T06:47:00+00:00","description":"Comunicando es una agencia especializada en la generaci\u00f3n de contenidos con valor comunicativo y en el dise\u00f1o de una estrategia de comunicaci\u00f3n","breadcrumb":{"@id":"https:\/\/comunicando.gal\/gal\/consultoria-de-comunicacion\/#breadcrumb"},"inLanguage":"es","potentialAction":[{"@type":"ReadAction","target":["https:\/\/comunicando.gal\/gal\/consultoria-de-comunicacion\/"]}]},{"@type":"BreadcrumbList","@id":"https:\/\/comunicando.gal\/gal\/consultoria-de-comunicacion\/#breadcrumb","itemListElement":[{"@type":"ListItem","position":1,"name":"Portada","item":"https:\/\/comunicando.gal\/gal\/"},{"@type":"ListItem","position":2,"name":"Consultor\u00eda de comunicaci\u00f3n"}]},{"@type":"WebSite","@id":"https:\/\/comunicando.gal\/gal\/#website","url":"https:\/\/comunicando.gal\/gal\/","name":"Comunicando. Consultor\u00eda de comunicaci\u00f3n.","description":"Consultor\u00eda de comunicaci\u00f3n","publisher":{"@id":"https:\/\/comunicando.gal\/gal\/#organization"},"alternateName":"Comunicando. Consultor\u00eda de comunicaci\u00f3n.","potentialAction":[{"@type":"SearchAction","target":{"@type":"EntryPoint","urlTemplate":"https:\/\/comunicando.gal\/gal\/?s={search_term_string}"},"query-input":{"@type":"PropertyValueSpecification","valueRequired":true,"valueName":"search_term_string"}}],"inLanguage":"es"},{"@type":"Organization","@id":"https:\/\/comunicando.gal\/gal\/#organization","name":"Comunicando. Consultor\u00eda de comunicaci\u00f3n.","url":"https:\/\/comunicando.gal\/gal\/","logo":{"@type":"ImageObject","inLanguage":"es","@id":"https:\/\/comunicando.gal\/gal\/#\/schema\/logo\/image\/","url":"https:\/\/comunicando.gal\/gal\/wp-content\/uploads\/2024\/07\/comunicando-vertical.png","contentUrl":"https:\/\/comunicando.gal\/gal\/wp-content\/uploads\/2024\/07\/comunicando-vertical.png","width":300,"height":323,"caption":"Comunicando. Consultor\u00eda de comunicaci\u00f3n."},"image":{"@id":"https:\/\/comunicando.gal\/gal\/#\/schema\/logo\/image\/"}}]}},"_links":{"self":[{"href":"https:\/\/comunicando.gal\/gal\/wp-json\/wp\/v2\/pages\/1490","targetHints":{"allow":["GET"]}}],"collection":[{"href":"https:\/\/comunicando.gal\/gal\/wp-json\/wp\/v2\/pages"}],"about":[{"href":"https:\/\/comunicando.gal\/gal\/wp-json\/wp\/v2\/types\/page"}],"author":[{"embeddable":true,"href":"https:\/\/comunicando.gal\/gal\/wp-json\/wp\/v2\/users\/1"}],"replies":[{"embeddable":true,"href":"https:\/\/comunicando.gal\/gal\/wp-json\/wp\/v2\/comments?post=1490"}],"version-history":[{"count":53,"href":"https:\/\/comunicando.gal\/gal\/wp-json\/wp\/v2\/pages\/1490\/revisions"}],"predecessor-version":[{"id":4623,"href":"https:\/\/comunicando.gal\/gal\/wp-json\/wp\/v2\/pages\/1490\/revisions\/4623"}],"wp:attachment":[{"href":"https:\/\/comunicando.gal\/gal\/wp-json\/wp\/v2\/media?parent=1490"}],"curies":[{"name":"wp","href":"https:\/\/api.w.org\/{rel}","templated":true}]}}